{"id":14,"date":"2011-10-31T17:08:02","date_gmt":"2011-10-31T17:08:02","guid":{"rendered":"https:\/\/web.ciidiroaxaca.ipn.mx\/ssandovalt\/dr-sadoth-sandoval-torres-chemical-engineering\/"},"modified":"2025-10-20T19:39:04","modified_gmt":"2025-10-21T01:39:04","slug":"dr-sadoth-sandoval-torres-chemical-engineering","status":"publish","type":"page","link":"https:\/\/web.ciidiroaxaca.ipn.mx\/ssandovalt\/","title":{"rendered":""},"content":{"rendered":"\n<figure class=\"wp-block-image aligncenter\"><img decoding=\"async\" src=\"https:\/\/web.ciidiroaxaca.ipn.mx\/ssandovalt\/wp-content\/uploads\/sites\/17\/2011\/10\/large_DSC_0012c.jpg\" alt=\"\" \/><\/figure>\n\n\n\n<div style=\"height:32px\" aria-hidden=\"true\" class=\"wp-block-spacer\"><\/div>\n\n\n\n<h3 class=\"wp-block-heading has-text-align-center\"><\/h3>\n\n\n\n<p class=\"has-text-align-center\">Postdoc. Institut de la Filtration et des T\u00e9chniques S\u00e9paratives, France.<\/p>\n\n\n\n<p class=\"has-text-align-center\">PhD.&nbsp;CONACYT-SFERE Fellow &#8211;&nbsp;Universit\u00e9 Bordeaux 1,&nbsp;France.<\/p>\n\n\n\n<p class=\"has-text-align-center\">B.Sc. Chemical Engineering. COSNET Fellow, Mexico<\/p>\n\n\n\n<p class=\"has-text-align-center\">Repatriaci\u00f3n France-CONACYT 2009 SNI nivel II<\/p>\n\n\n\n<p class=\"has-text-align-center\">Programa Institucional de Contrataci\u00f3n de Personal Acad\u00e9mico de Excelencia IPN<\/p>\n\n\n\n<p class=\"has-text-align-center\">Profesor Colegiado<\/p>\n\n\n\n<p class=\"has-text-align-center\">Miembro de la Red de Talentos Mexicanos en el Extranjero &#8211; SRE<\/p>\n\n\n\n<p><strong>Research areas:<\/strong> Heat and Mass Transfer, Applied Math<\/p>\n\n\n\n<p><strong>Research Interest:<\/strong> Vacuum Drying, Centrifugal Filtration, Materials, processing, solar drying, computational simulation.<\/p>\n\n\n\n<p><strong>Areas de investigaci\u00f3n:<\/strong> Transferencia de masa y calor, Matem\u00e1ticas Aplicadas<\/p>\n\n\n\n<p><strong>L\u00edneas de Investigaci\u00f3n:<\/strong> Secado a vac\u00edo, filtraci\u00f3n Centr\u00edfuga, Procesamiento de Materiales, secado solar, simulaci\u00f3n por computadora.<\/p>\n\n\n\n<p>Estoy interesado en integrar la trilog\u00eda teor\u00eda-experimentaci\u00f3n-c\u00f3mputo al estudio del transporte en medios complejos.<\/p>\n\n\n\n<p><strong>Aplicaciones:<\/strong> Procesamiento de materiales, de alimentos, materiales lignocelul\u00f3sicos, transporte de contaminantes, filtraci\u00f3n de suspensiones, separaci\u00f3n fluido-part\u00edcula, transporte de masa y calor acoplado a reacci\u00f3n qu\u00edmica, an\u00e1lisis experimental y simulaciones de flujos de aire en camaras de secado y colectores h\u00edbridos.<\/p>\n\n\n\n<h6 class=\"wp-block-heading\">Colaboraci\u00f3n cient\u00edfica: Universit\u00e9 Bordeaux (France), IFTS (France), Universit\u00e9 Libre de Bruxelles (Belgium), Universit\u00e9 de Li\u00e9ge (Belgium), NIST (USA), University of Tunis (Africa), University of British Columbia (Canada).<\/h6>\n\n\n\n<p class=\"has-text-align-center\">Languages: English, French, and Spanish<\/p>\n\n\n\n<p class=\"has-text-align-center\">ssandovalt@ipn.mx&nbsp;&nbsp;&nbsp;&nbsp; Extensi\u00f3n: 82783<\/p>\n\n\n\n<p class=\"has-text-align-center\">http:\/\/sadothsandoval.wordpress.com\/<\/p>\n\n\n\n<p class=\"has-text-align-center\"><a href=\"https:\/\/scholar.google.com\/citations?user=IY9N1aAAAAAJ\">https:\/\/scholar.google.com\/citations?user=IY9N1aAAAAAJ<\/a><\/p>\n\n\n\n<p class=\"has-text-align-center\"><a href=\"https:\/\/www.youtube.com\/channel\/UC4Jh5euL19O7nNHxEyjf6JA\">https:\/\/www.youtube.com\/channel\/UC4Jh5euL19O7nNHxEyjf6JA<\/a><\/p>\n\n\n\n<p class=\"has-text-align-center\">http:\/\/www.linkedin.com\/pub\/sadoth-sandoval-torres\/21\/b0\/15b<\/p>\n\n\n\n<p class=\"has-text-align-center\">http:\/\/sadothsandoval.blogspot.com\/<\/p>\n\n\n\n<p class=\"has-text-align-center\">twitter: @sadothsandoval<\/p>\n\n\n\n<p class=\"has-text-align-center\"><a href=\"https:\/\/francofilt2017.sciencesconf.org\">https:\/\/francofilt2017.sciencesconf.org<\/a><\/p>\n\n\n\n<p><\/p>\n\n\n\n<p><\/p>\n\n\n\n<p>Interesados en realizar servicio social, residencia profesional, tesis, o estancias de investigaci\u00f3n enviar mensaje email<\/p>\n\n\n\n<h3 class=\"wp-block-heading has-text-align-center\">Proyecto en colaboraci\u00f3n con la universidad de Texas en Austin y \u00abTejiendo Alianzas A.C.\u00bb<\/h3>\n\n\n\n<div class=\"wp-block-columns is-layout-flex wp-container-core-columns-is-layout-28f84493 wp-block-columns-is-layout-flex\">\n<div class=\"wp-block-column is-layout-flow wp-block-column-is-layout-flow\">\n<figure class=\"wp-block-image aligncenter\"><img decoding=\"async\" src=\"https:\/\/web.ciidiroaxaca.ipn.mx\/ssandovalt\/wp-content\/uploads\/sites\/17\/2011\/10\/IMG_4489-1_0.jpg\" alt=\"\" \/><\/figure>\n<\/div>\n\n\n\n<div class=\"wp-block-column is-layout-flow wp-block-column-is-layout-flow\">\n<figure class=\"wp-block-image aligncenter\"><img decoding=\"async\" src=\"https:\/\/web.ciidiroaxaca.ipn.mx\/ssandovalt\/wp-content\/uploads\/sites\/17\/2011\/10\/IMG_4502-2_2.jpg\" alt=\"\" \/><\/figure>\n<\/div>\n<\/div>\n\n\n\n<h5 class=\"wp-block-heading has-text-align-center\">Secado de vainas de mezquite en un secador solar tipo invernadero<\/h5>\n\n\n\n<p><\/p>\n\n\n\n<div class=\"wp-block-columns is-layout-flex wp-container-core-columns-is-layout-28f84493 wp-block-columns-is-layout-flex\">\n<div class=\"wp-block-column is-layout-flow wp-block-column-is-layout-flow\">\n<figure class=\"wp-block-image aligncenter\"><img decoding=\"async\" src=\"https:\/\/web.ciidiroaxaca.ipn.mx\/ssandovalt\/wp-content\/uploads\/sites\/17\/2011\/10\/Imagen-SEM-Harina-de-Mezquite-1_0.jpg\" alt=\"\" \/><\/figure>\n<\/div>\n\n\n\n<div class=\"wp-block-column is-layout-flow wp-block-column-is-layout-flow\">\n<figure class=\"wp-block-image aligncenter\"><img decoding=\"async\" src=\"https:\/\/web.ciidiroaxaca.ipn.mx\/ssandovalt\/wp-content\/uploads\/sites\/17\/2011\/10\/Imagen-SEM2-Harina-de-Mezquite-21_1.jpg\" alt=\"\" \/><\/figure>\n<\/div>\n<\/div>\n\n\n\n<h5 class=\"wp-block-heading has-text-align-center\">Imagen por microscop\u00eda electr\u00f3nica de barrido (SEM) de harinas de mezquite<\/h5>\n\n\n\n<p><\/p>\n\n\n\n<figure class=\"wp-block-image aligncenter is-resized\"><img decoding=\"async\" src=\"https:\/\/web.ciidiroaxaca.ipn.mx\/ssandovalt\/wp-content\/uploads\/sites\/17\/2011\/10\/thumbnail_IMG_1392.jpg\" alt=\"\" style=\"width:605px;height:auto\" \/><\/figure>\n\n\n\n<h5 class=\"wp-block-heading has-text-align-center\">Transferencia de calor en colectores solares<\/h5>\n\n\n\n<div class=\"wp-block-columns is-layout-flex wp-container-core-columns-is-layout-28f84493 wp-block-columns-is-layout-flex\">\n<div class=\"wp-block-column is-layout-flow wp-block-column-is-layout-flow\">\n<figure class=\"wp-block-image aligncenter\"><img decoding=\"async\" src=\"https:\/\/web.ciidiroaxaca.ipn.mx\/ssandovalt\/wp-content\/uploads\/sites\/17\/2011\/10\/Infrarojo-secador-solar-1.jpg\" alt=\"\" \/><\/figure>\n<\/div>\n\n\n\n<div class=\"wp-block-column is-layout-flow wp-block-column-is-layout-flow\">\n<figure class=\"wp-block-image\"><img decoding=\"async\" src=\"https:\/\/web.ciidiroaxaca.ipn.mx\/ssandovalt\/wp-content\/uploads\/sites\/17\/2011\/10\/Infrarojo-colector-solar-1_1.jpg\" alt=\"\" \/><\/figure>\n<\/div>\n<\/div>\n\n\n\n<h5 class=\"wp-block-heading has-text-align-center\">Infrarrojo de un colector solar<\/h5>\n\n\n\n<h4 class=\"wp-block-heading has-text-align-center\">T\u00fanel de secado de flujo transversal<\/h4>\n\n\n\n<figure class=\"wp-block-image aligncenter\"><img decoding=\"async\" src=\"https:\/\/web.ciidiroaxaca.ipn.mx\/ssandovalt\/wp-content\/uploads\/sites\/17\/2011\/10\/IMG_1381-3_0.jpg\" alt=\"\" \/><\/figure>\n\n\n\n<h4 class=\"wp-block-heading has-text-align-center\"><\/h4>\n","protected":false},"excerpt":{"rendered":"<p>Postdoc. Institut de la Filtration et des T\u00e9chniques S\u00e9paratives, France. PhD.&nbsp;CONACYT-SFERE Fellow &#8211;&nbsp;Universit\u00e9 Bordeaux 1,&nbsp;France. B.Sc. Chemical Engineering. COSNET Fellow, Mexico Repatriaci\u00f3n France-CONACYT 2009 SNI nivel II Programa Institucional de Contrataci\u00f3n de Personal Acad\u00e9mico de Excelencia IPN Profesor Colegiado Miembro de la Red de Talentos Mexicanos en el Extranjero &#8211; SRE Research areas: Heat and [&hellip;]<\/p>\n","protected":false},"author":22,"featured_media":0,"parent":0,"menu_order":0,"comment_status":"closed","ping_status":"closed","template":"","meta":{"_swt_meta_header_display":false,"_swt_meta_footer_display":false,"_swt_meta_site_title_display":false,"_swt_meta_sticky_header":false,"_swt_meta_transparent_header":false,"footnotes":""},"class_list":["post-14","page","type-page","status-publish","hentry"],"_links":{"self":[{"href":"https:\/\/web.ciidiroaxaca.ipn.mx\/ssandovalt\/wp-json\/wp\/v2\/pages\/14","targetHints":{"allow":["GET"]}}],"collection":[{"href":"https:\/\/web.ciidiroaxaca.ipn.mx\/ssandovalt\/wp-json\/wp\/v2\/pages"}],"about":[{"href":"https:\/\/web.ciidiroaxaca.ipn.mx\/ssandovalt\/wp-json\/wp\/v2\/types\/page"}],"author":[{"embeddable":true,"href":"https:\/\/web.ciidiroaxaca.ipn.mx\/ssandovalt\/wp-json\/wp\/v2\/users\/22"}],"replies":[{"embeddable":true,"href":"https:\/\/web.ciidiroaxaca.ipn.mx\/ssandovalt\/wp-json\/wp\/v2\/comments?post=14"}],"version-history":[{"count":11,"href":"https:\/\/web.ciidiroaxaca.ipn.mx\/ssandovalt\/wp-json\/wp\/v2\/pages\/14\/revisions"}],"predecessor-version":[{"id":88,"href":"https:\/\/web.ciidiroaxaca.ipn.mx\/ssandovalt\/wp-json\/wp\/v2\/pages\/14\/revisions\/88"}],"wp:attachment":[{"href":"https:\/\/web.ciidiroaxaca.ipn.mx\/ssandovalt\/wp-json\/wp\/v2\/media?parent=14"}],"curies":[{"name":"wp","href":"https:\/\/api.w.org\/{rel}","templated":true}]}}