{"id":7,"date":"2013-08-09T19:26:45","date_gmt":"2013-08-09T19:26:45","guid":{"rendered":"https:\/\/web.ciidiroaxaca.ipn.mx\/snavarrom\/actividades-academicas\/"},"modified":"2025-10-20T14:17:05","modified_gmt":"2025-10-20T20:17:05","slug":"actividades-academicas","status":"publish","type":"page","link":"https:\/\/web.ciidiroaxaca.ipn.mx\/snavarrom\/actividades-academicas\/","title":{"rendered":"Actividades Acad\u00e9micas"},"content":{"rendered":"\n<h3 class=\"wp-block-heading\">Docencia<\/h3>\n\n\n\n<ul class=\"wp-block-list\">\n<li>Profesora Titular de la Unidad de aprendizaje: Calidad de los recursos h\u00eddricos.<\/li>\n\n\n\n<li>Profesora Asistente. Seminario&nbsp; III y IV<\/li>\n<\/ul>\n\n\n\n<ul class=\"wp-block-list\">\n<li>Integrante en 18 comit\u00e9s tutoriales.<\/li>\n<\/ul>\n\n\n\n<ul class=\"wp-block-list\">\n<li>Integrante en jurado de Examen; semestres: B2019, B2020, B2021, A2022, B2022, A2023, B2023, A2024, A2025, B2025<\/li>\n<\/ul>\n\n\n\n<ul class=\"wp-block-list\">\n<li><\/li>\n<\/ul>\n\n\n\n<ul class=\"wp-block-list\">\n<li>Profesor Colegiado: A2022 a la fecha<\/li>\n<\/ul>\n\n\n\n<p><strong>Asistencia a eventos acad\u00e9micos<\/strong><\/p>\n\n\n\n<ul class=\"wp-block-list\">\n<li><strong> XII Coloquio de los Comit\u00e9s Ambientales del IPN, <\/strong>modalidad virtual, septiembre 2021.<\/li>\n<\/ul>\n\n\n\n<ul class=\"wp-block-list\">\n<li><strong>Actores de cambio: Residuos y Econom\u00eda Circular. &nbsp;UAM-ANIPAC. &nbsp;<\/strong>modalidad virtual 3 y 4 junio 2021.<\/li>\n<\/ul>\n\n\n\n<ul class=\"wp-block-list\">\n<li><strong>Los valores del agua. Serie de webinars UNAM-UNESCO, <\/strong>modalidad virtual 7 abril-12 mayo 2021<\/li>\n<\/ul>\n\n\n\n<ul class=\"wp-block-list\">\n<li><strong> \u201cPrograma Cultivando agua buena \u2026avanzando hacia el desarrollo sostenible de los pa\u00edses en Am\u00e9rica Latina y el Caribe\u201d<\/strong>. Curso FAO, modalidad l\u00ednea enero 2021.<\/li>\n<\/ul>\n\n\n\n<ul class=\"wp-block-list\">\n<li><strong>Conferencia Internacional ANUIES2020: Las IES del Futuro, era digital, innovaci\u00f3n y empleabilidad. <\/strong>ANUIES, modalidad virtual noviembre 2020<\/li>\n<\/ul>\n\n\n\n<ul class=\"wp-block-list\">\n<li><strong>\u201cProtecci\u00f3n social y grupos rurales en situaci\u00f3n de vulnerabilidad\u201d. <\/strong>Serie 2030: Alimentaci\u00f3n, agricultura y desarrollo rural en Am\u00e9rica Latina y el Caribe. FAO, modalidad l\u00ednea septiembre 2020<\/li>\n<\/ul>\n\n\n\n<ul class=\"wp-block-list\">\n<li><strong> \u201cAlianzas, coaliciones y gobernanza rural\u201d. <\/strong>Serie 2030: Alimentaci\u00f3n, agricultura y desarrollo rural en Am\u00e9rica Latina y el Caribe. FAO, modalidad en l\u00ednea septiembre 2020<\/li>\n<\/ul>\n\n\n\n<ul class=\"wp-block-list\">\n<li><strong> \u201c\u00bfQu\u00e9 ser\u00e1 ma\u00f1ana? Educaci\u00f3n Ambiental en Am\u00e9rica Latina y el Caribe, Justicia Ambiental y COVID-19. <\/strong>IPN, modalidad virtual 06 julio 2020<\/li>\n<\/ul>\n\n\n\n<ul class=\"wp-block-list\">\n<li><strong>Agua y COVID-19. Serie de webinars UNAM-UNESCO, <\/strong>modalidad virtual, junio 2020.<\/li>\n<\/ul>\n\n\n\n<ul class=\"wp-block-list\">\n<li><strong>\u201cRecuperaci\u00f3n sostenible post-COVID-19: el rol de la agricultura y de las zonas rurales\u201d. <\/strong>Serie 2030: Alimentaci\u00f3n, agricultura y desarrollo rural en Am\u00e9rica Latina y el Caribe. FAO, modalidad en l\u00ednea junio 2020<\/li>\n<\/ul>\n\n\n\n<ul class=\"wp-block-list\">\n<li><strong>\u201cInnovaci\u00f3n y tecnolog\u00eda para el desarrollo sostenible\u201d. <\/strong>Serie 2030: Alimentaci\u00f3n, agricultura y desarrollo rural en Am\u00e9rica Latina y el Caribe. FAO, modalidad en l\u00ednea junio 2020<\/li>\n<\/ul>\n\n\n\n<ul class=\"wp-block-list\">\n<li><strong>\u00abFamilias rurales: migraci\u00f3n e ingresos no agropecuarios\u00bb.<\/strong> Serie 2030: Alimentaci\u00f3n, agricultura y desarrollo rural en Am\u00e9rica Latina y el Caribe. FAO, modalidad en l\u00ednea junio 2020<\/li>\n<\/ul>\n\n\n\n<ul class=\"wp-block-list\">\n<li>\u00ab<strong>COVID-19 y pobreza rural: acciones para una recuperaci\u00f3n incluyente\u00bb. <\/strong>Serie COVID-19 y Sistemas Alimentarios enAm\u00e9rica Latina y el Caribe, modalidad en l\u00ednea. Junio 2020<\/li>\n<\/ul>\n\n\n\n<ul class=\"wp-block-list\">\n<li>\u00ab<strong>P\u00e9rdida y desperdicio de alimentos: marcos legales e iniciativas de donaci\u00f3n en tiempos de COVI-19&#8243;.<\/strong> Mayo 2020<\/li>\n<\/ul>\n\n\n\n<h4 class=\"wp-block-heading\">Comisiones<\/h4>\n\n\n\n<ul class=\"wp-block-list\">\n<li><strong>Integrante comisi\u00f3n admisi\u00f3n. <\/strong>Per\u00edodo 2018-2020; 2022- a la fecha<\/li>\n<\/ul>\n\n\n\n<ul class=\"wp-block-list\">\n<li>Intregrante Comisi\u00f3n revisora: B2019, B2020, <\/li>\n<\/ul>\n\n\n\n<ul class=\"wp-block-list\">\n<li><\/li>\n<\/ul>\n\n\n\n<p><strong>A\u00f1o sab\u00e1tico &nbsp;<\/strong><\/p>\n\n\n\n<ul class=\"wp-block-list\">\n<li><strong>Dise\u00f1o y desarrollo del programa de estudio para la Unidad de Aprendizaje Calidad de los recursos h\u00eddricos con enfoque de Econom\u00eda Solidaria<\/strong>. 2016-2017.<\/li>\n\n\n\n<li><strong>Dise\u00f1o y estructuraci\u00f3n de la Unidad Did\u00e1ctica: Hidrogeoqu\u00edmica y Calidad de agua. <\/strong>2008-2009.<\/li>\n\n\n\n<li><strong>Estructuraci\u00f3n de una estrategia de evaluaci\u00f3n a trav\u00e9s de la Investigaci\u00f3n Evaluativa.&nbsp; Programa Protecci\u00f3n Ambiental del CIIDIR OAXACA<\/strong>. 2002-2003<\/li>\n<\/ul>\n\n\n\n<p>&nbsp;<\/p>\n\n\n\n<h4 class=\"wp-block-heading\"><strong>Evaluador<\/strong><\/h4>\n\n\n\n<ul class=\"wp-block-list\">\n<li><strong>Proyectos SEDESOH<\/strong>, Gobierno del estado de Oaxaca, proyectos orientados al aprovechamiento de agua y cuidado del ambiente. 2014.<\/li>\n\n\n\n<li><strong>Proyectos educativos<\/strong>, Gobierno del estado de Oaxaca \/ Consejo Oaxaque\u00f1o de Ciencia y Tecnolog\u00eda, aprovechamiento de residuos, tecnolog\u00eda limpia. 2013<\/li>\n\n\n\n<li><strong>Proyectos coinversi\u00f3n social<\/strong>, SEDESOL.&nbsp; Proyectos de captaci\u00f3n y abastecimiento de agua, manejo de residuos, educaci\u00f3n ambiental. 2010 &#8211; 2013.<\/li>\n<\/ul>\n\n\n\n<p>&nbsp;<\/p>\n\n\n\n<h4 class=\"wp-block-heading\"><strong>Distinciones.<\/strong><\/h4>\n\n\n\n<ul class=\"wp-block-list\">\n<li><strong>Mejor ponencia<\/strong>. Asociaci\u00f3n Internacional de Investigaci\u00f3n en Educacio\u00f3n Superior A.C. \u00ab021. Tijuana Baja California, M\u00e9xico.<\/li>\n<\/ul>\n\n\n\n<ul class=\"wp-block-list\">\n<li><strong>&nbsp;Arbitro en revista: <\/strong>Ingenier\u00eda Hidr\u00e1ulica y Ambiental. Centro de Investigaciones Hidr\u00e1ulicas (CIH) Instituto Superior Polit\u00e9cnico Jos\u00e9 Antonio Echeverr\u00eda (CUJAE). ISSN 1815-591X. Habana. Cuba.<\/li>\n\n\n\n<li>&nbsp;<strong>Arbitro en revista: <\/strong>Naturaleza y Desarrollo. CIIDIR-OAXACA. ISSN-2007-204X.<\/li>\n\n\n\n<li><strong>Medalla \u00abRafael Ram\u00edrez\u00bb. Otorgada por la Secretaria de Educaci\u00f3n P\u00fablica-I.P.N.<\/strong>2018<\/li>\n\n\n\n<li><strong>Medalla \u00abJuan de Dios B\u00e1tiz\u00bb. Otorgada por el <\/strong><strong>&nbsp;Instituto Polit\u00e9cnico Nacional .2014<\/strong><\/li>\n\n\n\n<li><strong>Fundador<\/strong> del Centro Interdisciplinario de Investigaci\u00f3n para el Desarrollo Integral Regional Oaxaca (CIIDIR).1983<\/li>\n<\/ul>\n\n\n\n<p><\/p>\n","protected":false},"excerpt":{"rendered":"<p>Docencia Asistencia a eventos acad\u00e9micos Comisiones A\u00f1o sab\u00e1tico &nbsp; &nbsp; Evaluador &nbsp; Distinciones.<\/p>\n","protected":false},"author":68,"featured_media":0,"parent":0,"menu_order":0,"comment_status":"closed","ping_status":"closed","template":"","meta":{"_swt_meta_header_display":false,"_swt_meta_footer_display":false,"_swt_meta_site_title_display":false,"_swt_meta_sticky_header":false,"_swt_meta_transparent_header":false,"footnotes":""},"class_list":["post-7","page","type-page","status-publish","hentry"],"_links":{"self":[{"href":"https:\/\/web.ciidiroaxaca.ipn.mx\/snavarrom\/wp-json\/wp\/v2\/pages\/7","targetHints":{"allow":["GET"]}}],"collection":[{"href":"https:\/\/web.ciidiroaxaca.ipn.mx\/snavarrom\/wp-json\/wp\/v2\/pages"}],"about":[{"href":"https:\/\/web.ciidiroaxaca.ipn.mx\/snavarrom\/wp-json\/wp\/v2\/types\/page"}],"author":[{"embeddable":true,"href":"https:\/\/web.ciidiroaxaca.ipn.mx\/snavarrom\/wp-json\/wp\/v2\/users\/68"}],"replies":[{"embeddable":true,"href":"https:\/\/web.ciidiroaxaca.ipn.mx\/snavarrom\/wp-json\/wp\/v2\/comments?post=7"}],"version-history":[{"count":31,"href":"https:\/\/web.ciidiroaxaca.ipn.mx\/snavarrom\/wp-json\/wp\/v2\/pages\/7\/revisions"}],"predecessor-version":[{"id":104,"href":"https:\/\/web.ciidiroaxaca.ipn.mx\/snavarrom\/wp-json\/wp\/v2\/pages\/7\/revisions\/104"}],"wp:attachment":[{"href":"https:\/\/web.ciidiroaxaca.ipn.mx\/snavarrom\/wp-json\/wp\/v2\/media?parent=7"}],"curies":[{"name":"wp","href":"https:\/\/api.w.org\/{rel}","templated":true}]}}