{"id":4,"date":"2013-08-09T19:19:18","date_gmt":"2013-08-09T19:19:18","guid":{"rendered":"https:\/\/web.ciidiroaxaca.ipn.mx\/snavarrom\/publicaciones\/"},"modified":"2025-10-14T16:40:42","modified_gmt":"2025-10-14T16:40:42","slug":"publicaciones","status":"publish","type":"page","link":"https:\/\/web.ciidiroaxaca.ipn.mx\/snavarrom\/publicaciones\/","title":{"rendered":"Publicaciones"},"content":{"rendered":"\n<h3 class=\"wp-block-heading\"><strong>Congresos y eventos acad\u00e9micos<\/strong><\/h3>\n\n\n\n<ul class=\"wp-block-list\">\n<li>Espinosa Fragoso T.,\u00a0Arag\u00f3n Sulik M.D. <strong>Navarro Mendoza S.M<\/strong>., Ortiz Guzm\u00e1n M., (2023). \u201c<strong>Aprendizaje social como enfoque de apropiaci\u00f3n de la tecnolog\u00eda SCALL en un centro escolar rural: caso Santa Cruz Xoxocotl\u00e1n, Oaxaca. <\/strong>VII Congreso Nacional y I Internacional de la Red de Investigadores Sociales sobre el agua \u201clas crisis del agua del siglo XXI: retos y perspectivas\u201d, 27 al 31 de marzo 2023.<\/li>\n\n\n\n<li>Espinosa Fragoso T., <strong>Navarro Mendoza S.M<\/strong>., Ortiz Guzm\u00e1n M., Arag\u00f3n Sulik M.D. (2022).\u201c<strong>Gesti\u00f3n comunitaria para la adaptaci\u00f3n de un sistema de captaci\u00f3n de agua de lluvia\u201d.<\/strong> XV Jornadas Polit\u00e9cnicas, modalidad virtual los d\u00edas 30 y 31 de agosto de 2022.<\/li>\n\n\n\n<li>P\u00e9rez Flores M.E., <strong>Navarro Mendoza&nbsp; S.M<\/strong>. (2021). <strong>\u201cConocimientos sobre las causas y consecuencias del sobrepeso y obesidad en una poblaci\u00f3n<\/strong> n\u201d. 9\u00ba Congreso Internacional de Innovaci\u00f3n, Tecnolog\u00eda y Educaci\u00f3n CIVITEC 2020. 04 y 05 e noviembre 2021<\/li>\n\n\n\n<li>P\u00e9rez Flores M.E., <strong>Navarro Mendoza&nbsp; S.M<\/strong>. (2020). <strong>\u201cConsumo de agua y bebidas habituales de adolescentes oaxaque\u00f1os y estado de nutrici\u00f3n\u201d.<\/strong> 8\u00ba Congreso Internacional de Innovaci\u00f3n, Tecnolog\u00eda y Educaci\u00f3n CIVITEC 2020. 30 y 31 octubre 2020<\/li>\n\n\n\n<li>Matus Enr\u00edquez I.O, <strong>Navarro Mendoza S<\/strong>., Alav\u00e9s Ram\u00edrez R. (2019). <strong>Energ\u00eda Solar como fuente de desinfecci\u00f3n del agua para consumo humano a nivel domiciliario a trav\u00e9s de una tecnolog\u00eda social<\/strong>. Tercer Conferencia Internacional de Energ\u00eda. 9 al 13 septiembre 2019. Morelia Michoac\u00e1n M\u00e9xico.<\/li>\n\n\n\n<li>Matus Enr\u00edquez I.O, <strong>Navarro Mendoza S<\/strong>., Alav\u00e9s Ram\u00edrez R. (2019). <strong>Mejoramiento de la calidad del agua a nivel rural a trav\u00e9s de una tecnolog\u00eda alternativa.<\/strong> XII Jornadas Polit\u00e9cnicas en ciencia y tecnolog\u00eda 2019\u201d. 16 y 17 de mayo de 2019. Oaxaca, M\u00e9xico.<\/li>\n\n\n\n<li>Le\u00f3n Lara M.; <strong>Navarro Mendoza S. M.<\/strong>, P\u00e9rez Flores M. E. (2019). <strong>Residuos s\u00f3lidos domiciliarios y acciones proambientales. Caso San Antonino Castillo Velasco, Ocotl\u00e1n, Oaxaca.<\/strong> XII Jornadas Polit\u00e9cnicas en ciencia y tecnolog\u00eda 2019\u201d. 16 y 17 de mayo de 2019. Oaxaca, M\u00e9xico.<\/li>\n\n\n\n<li>S\u00e1nchez Velasco E. L., P\u00e9rez Flores M. E., <strong>Navarro Mendoza S.M<\/strong>. (2019). Gesti\u00f3n de residuos s\u00f3lidos urbanos con perspectiva de bien com\u00fan en Santo Domingo Tomaltepec, Oaxaca. Oaxaca. XII Jornadas Polit\u00e9cnicas en ciencia y tecnolog\u00eda 2019\u201d. 16 y 17 de mayo de 2019. Oaxaca, M\u00e9xico.<\/li>\n<\/ul>\n\n\n\n<ul class=\"wp-block-list\">\n<li>Le\u00f3n Lara Maribel, Arag\u00f3n Sulik M, P\u00e9rez Cruz Victoria, <strong>Navarro Mendoza Susana M. (2018)<\/strong>. <strong>\u00abEficiencia de las obras de recarga artificial en el acu\u00edfero de san antonino castillo Velasco, Oaxaca.\u00bb <\/strong>XVII Congreso Internacional, XXVIII Congreso Nacional de Ciencias Ambientales, celebrado en la ciudad de Zacatecas, Zac., del 11 al 15 de junio de 2018.<\/li>\n\n\n\n<li>Le\u00f3n Lara Maribel, Arag\u00f3n Sulik M., <strong>Navarro Mendoza Susana M. (2018)<\/strong>. <strong>Anomal\u00edas conductivas por lixiviados &nbsp;de RSU en la zona de disposici\u00f3n del valle de Oaxaca. <\/strong>XVII Congreso Internacional, XXVIII Congreso Nacional de Ciencias Ambientales, celebrado en la ciudad de Zacatecas, Zac., del 11 al 15 de junio de 2018.<\/li>\n\n\n\n<li>Ibarra Ram\u00edrez Claudia Lorena, <strong>Navarro Mendoza Susana M.<\/strong> (2018). <strong>Reconstrucci\u00f3n y apropiaci\u00f3n de acciones en protecci\u00f3n civil y gesti\u00f3n integral desde los saberes locales y las formas de organizaci\u00f3n social: caso de la mazateca alta, ca\u00f1ada, Oaxaca,<\/strong> M\u00e9xico. II Congreso Mexicano de Sociolog\u00eda.<\/li>\n\n\n\n<li><strong>Navarro Mendoza Susana M.,<\/strong> Arag\u00f3n Sulik Manuel D., Ortiz Guzm\u00e1n Margarito (2016). <strong>Caracter\u00edsticas de la calidad de agua utilizada en riego, caso san antonino castillo Velasco, Oaxaca<\/strong>. XV Congreso Internacional y XXI Congreso Nacional de Ciencias Ambientales: \u201cLa cultura de los pueblos, base para la conservaci\u00f3n del ambiente\u201d. Realizado del 15 al 17 de junio 2017. Oaxaca. M\u00e9xico.<\/li>\n\n\n\n<li><strong>Navarro Mendoza Susana M.,<\/strong> Benito Bautista Pedro, Arag\u00f3n Sulik Manuel D. (2016). <strong>Emisi\u00f3n potencial de biog\u00e1s en zonas rurales del estado&nbsp; de Oaxaca<\/strong>. XV Congreso Internacional y XXI Congreso Nacional de Ciencias Ambientales: \u201cLa cultura de los pueblos, base para la conservaci\u00f3n del ambiente\u201d. Realizado del 15 al 17 de junio 2017. Oaxaca. M\u00e9xico.<\/li>\n\n\n\n<li>Santiago- Antonio M.R.,&nbsp; Arag\u00f3n-Sulik M., <strong>Navarro Mendoza S.M. <\/strong>(2016). <strong>Calibraci\u00f3n del m\u00e9todo drastic para delimitar zonas para recarga artificial del acu\u00edfero<\/strong>. XV Congreso Internacional y XXI Congreso Nacional de Ciencias Ambientales: \u201cLa cultura de los pueblos, base para la conservaci\u00f3n del ambiente\u201d. Realizado del 15 al 17 de junio 2017. Oaxaca. M\u00e9xico.<\/li>\n\n\n\n<li>Benito Bautista Pedro, Arellanes Ju\u00e1rez Nelly, V\u00e1squez L\u00f3pez Alfonso,<strong> Navarro Mendoza S.M. <\/strong>(2016). <strong>Control de antracnosis de mango (<em>Magnifera indica L. <\/em>) Var Ataulfo mediante el uso de aceites esenciales de hierbas arom\u00e1ticas<\/strong>. XV Congreso Internacional y XXI Congreso Nacional de Ciencias Ambientales: \u201cLa cultura de los pueblos, base para la conservaci\u00f3n del ambiente\u201d. Realizado del 15 al 17 de junio 2017. Oaxaca. M\u00e9xico.<\/li>\n\n\n\n<li>Santiago- Antonio M.R.,&nbsp; Arag\u00f3n-Sulik M., <strong>Navarro Mendoza S.M. <\/strong>(2016). <strong>Determinaci\u00f3n de la recarga natural en el acu\u00edfero de san antonino, Oaxaca mediante el balance del ion cloruro<\/strong>. XV Congreso Internacional y XXI Congreso Nacional de Ciencias Ambientales: \u201cLa cultura de los pueblos, base para la conservaci\u00f3n del ambiente\u201d. Realizado del 15 al 17 de junio 2017. Oaxaca. M\u00e9xico.<\/li>\n\n\n\n<li>Arag\u00f3n Sulik M.D., <strong>Navarro Mendoza S.M.<\/strong>, P\u00e9rez-Flores M.E., &nbsp;Ibarra- Ram\u00edrez C. (2015). <strong>Estimaci\u00f3n de la recarga natural conocimiento base hacia la gobernanza ambiental. Caso del Valle de Ocotl\u00e1n de Morelos, Oaxaca<\/strong>. Segundo Congreso de Investigaci\u00f3n y Vinculaci\u00f3n para el Desarrollo del 12 al 13 de noviembre del 2015. Universidad de la Sierra Sur Miahuatl\u00e1n, Oax.<\/li>\n\n\n\n<li>Arag\u00f3n Sulik M.D., <strong>Navarro Mendoza S.M.<\/strong>, Fuente Carrasco Mario, &nbsp;Ibarra- Ram\u00edrez C. (2015). <strong>Vulnerabilidad a la contaminaci\u00f3n de acu\u00edferos en una zona con actividad<\/strong>. Segundo Congreso de Investigaci\u00f3n y Vinculaci\u00f3n para el Desarrollo del 12 al 13 de noviembre del 2015. Universidad de la Sierra Sur Miahuatl\u00e1n, Oax.<\/li>\n\n\n\n<li>Arag\u00f3n Sulik M., <strong>Navarro Mendoza S.M.<\/strong>, (2015)<strong>. <\/strong>Diagn\u00f3stico de la vulnerabilidad de contaminaci\u00f3n de acu\u00edferos en la parte sur de los valles centrales de Oaxaca \u201c5to Congreso Internacional de Desarrollo Comunitario\u201d El Desarrollo Rural para el Manejo Integrado del Territorio, se realiz\u00f3 los d\u00edas 23, 24, y 25 de Septiembre de 2015, en la ciudad de P\u00e1tzcuaro, Michoac\u00e1n, M\u00e9xico.<\/li>\n\n\n\n<li><strong>Navarro Mendoza Susana M.,<\/strong> Arag\u00f3n Sulik Manuel D., Ortiz Guzm\u00e1n Margarito (2014). Balance hidrol\u00f3gico y su influencia en la generaci\u00f3n de lixiviados de residuos urbanos y su carga contaminante. XIII Congreso Internacional y XIX Congreso Nacional de Ciencias Ambientales: Gesti\u00f3n Sustentable, una necesidad ante el Cambio Clim\u00e1tico. M\u00e9xico.<\/li>\n\n\n\n<li>Arag\u00f3n Sulik Manuel D.,<strong> Navarro Mendoza Susana M<\/strong>., Ortiz Guzm\u00e1n Margarito (2014).<strong> Presencia de fierro y manganeso en el acu\u00edfero de valles centrales de Oaxaca<\/strong>. XIII Congreso Internacional y XIX Congreso Nacional de Ciencias Ambientales: Gesti\u00f3n Sustentable, una necesidad ante el Cambio Clim\u00e1tico. M\u00e9xico.<\/li>\n\n\n\n<li>Rasilla Cano Margarita,<strong> Navarro Mendoza Susana M.<\/strong>, L\u00f3pez Cruz Juana Yolanda (2014). <strong>Dise\u00f1o de la transposici\u00f3n did\u00e1ctica de conocimientos involucrados en las emisiones GEI y cambio clim\u00e1tico.<\/strong> XIII y XIX Congreso Nacional de Ciencias Ambientales: Gesti\u00f3n Sustentable, una necesidad ante el Cambio Clim\u00e1tico. M\u00e9xico.<\/li>\n\n\n\n<li>Cano Margarita, Navarro Mendoza Susana Margarita (2014). <strong>Estrategia did\u00e1ctica multidisciplinaria sobre gases efecto invernadero<\/strong>. Seminario LASERA 2014. Rasilla. M\u00e9xico.<\/li>\n\n\n\n<li>Cano Margarita,<strong> Navarro Mendoza Susana Margarita<\/strong> (2014). <strong>Gases de efecto invernadero. Dise\u00f1o did\u00e1ctico para bachillerato.<\/strong> III Taller Internacional \u00abla Ense\u00f1anza de la F\u00edsica y la Qu\u00edmica\u00bb ENFIQUI 2014&#8243;. Cuba.<\/li>\n\n\n\n<li>Arag\u00f3n Sulik Manuel D., <strong>Navarro Mendoza Susana M<\/strong>., Ortiz Guzm\u00e1n Margarito., Dom\u00ednguez Morales Valent\u00edn &nbsp;(2013). <strong>Distribuci\u00f3n geogr\u00e1fica del d\u00e9ficit de humedad en el acu\u00edfero de valles centrales de Oaxaca.<\/strong> XII Congreso Internacional de Ciencias Ambientales; XVIII Congreso nacional de Ciencias Ambientales. M\u00e9xico.<\/li>\n\n\n\n<li>Arag\u00f3n Sulik Manuel D., <strong>Navarro Mendoza Susana M<\/strong>. Belmonte Jim\u00e9nez Salvador I. (2013). <strong>Aplicaci\u00f3n del modelo HEC-RAS para determinar el n\u00famero hidrol\u00f3gico promedio de una cuenca,<\/strong> caso r\u00edo magdalena. D\u00e9cimo Simposio Bienal de Estudios Oaxaque\u00f1os WELTE. M\u00e9xico<\/li>\n\n\n\n<li>Mart\u00ednez Guti\u00e9rrez Gabino A., <strong>Navarro Mendoza Susana M.,<\/strong> L\u00f3pez Cruz Juana Y., (2013). <strong>El compostaje de residuos de la producci\u00f3n de mezcal, una medida de mitigaci\u00f3n de GEI, naciona<\/strong>l, D\u00e9cimo Simposio Bienal de Estudios Oaxaque\u00f1os WELTE, M\u00e9xico.<\/li>\n\n\n\n<li><strong>Navarro Mendoza Susana M<\/strong>., Arag\u00f3n Sulik Manuel D., Ortiz Guzm\u00e1n Margarito, &nbsp;Ladr\u00f3n de Guevara M.A. (2013). <strong>Estado de los recursos h\u00eddricos en un entorno potencialmente.<\/strong> &nbsp;XII Congreso Internacional de Ciencias Ambientales; XVIII Congreso nacional de Ciencias Ambientales.&nbsp; M\u00e9xico.<\/li>\n\n\n\n<li><strong>Navarro Mendoza Susana M<\/strong>., Arag\u00f3n Sulik Manuel D., Ortiz Guzm\u00e1n Margarito, Belmonte Jim\u00e9nez Salvador (2013). <strong>Evaluaci\u00f3n de la contaminaci\u00f3n potencial por lixiviados de residuos urbanos con base en la carga cati\u00f3nica del suelo. <\/strong>XII Congreso Internacional de Ciencias Ambientales; XVIII Congreso nacional de Ciencias Ambientales, M\u00e9xico.<\/li>\n\n\n\n<li>Arag\u00f3n Sulik Manuel D., <strong>Navarro Mendoza Susana M.<\/strong>, Ortiz Guzm\u00e1n Margarito (2013). <strong>Evaluaci\u00f3n de ars\u00e9nico en el acu\u00edfero de valles centrales de Oaxaca<\/strong>. XII congreso internacional de ciencias ambientales; xviii congreso nacional de ciencias ambientales. M\u00e9xico.<\/li>\n\n\n\n<li>Escamiroza Tinoco Cirenio, L\u00f3pez Cruz Juana&nbsp; Y., <strong>Navarro Mendoza Susana M.,<\/strong> Mart\u00ednez Guti\u00e9rrez Gabino A. (2013). <strong>Sistema recirculante para el cultivo de tomate (l. esculentum mill) bajo invernadero, y su interacci\u00f3n con el microclima, la productividad y calidad de fruto<\/strong>. XII Congreso Internacional de Ciencias Ambientales; XVIII Congreso nacional de Ciencias Ambientales, M\u00e9xico.<\/li>\n\n\n\n<li>Mart\u00ednez Guti\u00e9rrez Gabino&nbsp; A., <strong>Navarro Mendoza Susana M.<\/strong>, Ortiz Guzm\u00e1n Margarito, Escamiroza Tinoco Cirenio (2012).<strong> El Co-compostaje, como parte de la gesti\u00f3n integral de residuos en la producci\u00f3n agroindustrial del mezcal<\/strong>. XVI Simposio Universitario Iberoamericano sobre medioambiente, 16 Convenci\u00f3n Cient\u00edfica de Ingenier\u00eda y Arquitectura CCIA 2012. M\u00e9xico.<\/li>\n\n\n\n<li><strong>Navarro Mendoza Susana M<\/strong>., Arag\u00f3n Sulik Manuel D., Belmonte Jim\u00e9nez Salvador &nbsp;I., Ortiz Guzm\u00e1n Margarito (2012). <strong>Par\u00e1metros edafol\u00f3gicos y su significado en la evaluaci\u00f3n de sitios para la disposici\u00f3n de residuos urbanos s\u00f3lidos<\/strong>. XVI Simposio Universitario Iberoamericano sobre medioambiente, 16 Convenci\u00f3n Cient\u00edfica de Ingenier\u00eda y Arquitectura. CCIA 2012. Cuba.<\/li>\n\n\n\n<li><strong>Navarro Mendoza Susana M<\/strong>., Arag\u00f3n Sulik Manuel D., Ortiz Guzm\u00e1n Margarito, Belmonte Jim\u00e9nez Salvador (2012). <strong>Respuesta de suelos poco profundos a la infiltraci\u00f3n de lixiviados de residuos s\u00f3lidos urbanos<\/strong>. XVI Simposio Universitario Iberoamericano sobre medioambiente, 16 Convenci\u00f3n Cient\u00edfica de Ingenier\u00eda y Arquitectura CCIA &nbsp;Cuba.<\/li>\n\n\n\n<li>Mart\u00ednez Guti\u00e9rrez Gabino A., Ortiz Hern\u00e1ndez Yolanda D.,&nbsp;<strong> Navarro Mendoza Susana M.<\/strong> (2012). <strong>Utilizaci\u00f3n del compost del bagazo de maguey mezcalero como fuente de nutrientes en tomate org\u00e1nico.<\/strong> International Society of Crassulaceam Acid Metabolism CAM 2012, Centro de Investigaci\u00f3n Cient\u00edfica de Yucat\u00e1n.<\/li>\n<\/ul>\n\n\n\n<p>&nbsp;<\/p>\n\n\n\n<h3 class=\"wp-block-heading\"><strong>Art\u00edculos<\/strong><\/h3>\n\n\n\n<ul class=\"wp-block-list\">\n<li>Arag\u00f3n,&nbsp; S. M., Escolero, O., <strong>Navarro, M. S.<\/strong>, y Ortiz, G. M. (2015)<strong>.Distribuci\u00f3n geogr\u00e1fica del ars\u00e9nico en el acu\u00edfero de los Valles centrales de Oaxaca.<\/strong>&nbsp; Revista Ingenier\u00eda Hidr\u00e1ulica y ambiental ISSN: 1815-59IX, vol. XXXVI. N\u00famero I. Cuba.<\/li>\n\n\n\n<li>Arag\u00f3n S., <strong>Navarro M, S.<\/strong> Belmonte, J.S. (2012).<strong>Calibraci\u00f3n del m\u00e9todo DRASTIC en acu\u00edferos utilizando nitratos como indicador.<\/strong> Revista cient\u00edfica de Ingenier\u00eda Hidr\u00e1ulica y ambiental, ISSN: 1815-591 Vol. XXXIII. N\u00famero 2. Cuba<\/li>\n\n\n\n<li><strong>Navarro M, S.,<\/strong> Belmonte, J.S., Arag\u00f3n, S.M. (2011)<strong>.Contribuci\u00f3n al conocimiento de la calidad del agua en la zona de influencia del vertedero de residuos s\u00f3lidos urbanos, caso Oaxaca de Ju\u00e1rez<\/strong>. Revista Temas de ciencia y Tecnolog\u00eda, vol. 15 Universidad Tecnol\u00f3gica de la Mixteca.<\/li>\n\n\n\n<li>Arag\u00f3n S., <strong>Navarro M. S. <\/strong>y&nbsp; Pech., P.A. (2008). <strong>Caracterizaci\u00f3n hidrogeol\u00f3gica del sistema calc\u00e1reo de valles centrales de Oaxaca<\/strong>, Revista Naturaleza y Desarrollo. Vol. 6 numero 1.<\/li>\n\n\n\n<li><strong>Navarro Mendoza S. M.<\/strong>, Arag\u00f3n Sulik M. D. Belmonte Jim\u00e9nez S. I. (2006). <strong>El tiradero de basura del municipio de Oaxaca de Ju\u00e1rez y su impacto en el medio subterr\u00e1neo. \u00bfes necesario preocuparse?. <\/strong>ISSN 2007-0977. Temas de la ciencia y tecnolog\u00eda; ISSN 2007-0977, vol.10, pag.9-18.<\/li>\n<\/ul>\n\n\n\n<p>&nbsp;<\/p>\n","protected":false},"excerpt":{"rendered":"<p>Congresos y eventos acad\u00e9micos &nbsp; Art\u00edculos &nbsp;<\/p>\n","protected":false},"author":68,"featured_media":0,"parent":0,"menu_order":0,"comment_status":"closed","ping_status":"closed","template":"","meta":{"_swt_meta_header_display":false,"_swt_meta_footer_display":false,"_swt_meta_site_title_display":false,"_swt_meta_sticky_header":false,"_swt_meta_transparent_header":false,"footnotes":""},"class_list":["post-4","page","type-page","status-publish","hentry"],"_links":{"self":[{"href":"https:\/\/web.ciidiroaxaca.ipn.mx\/snavarrom\/wp-json\/wp\/v2\/pages\/4","targetHints":{"allow":["GET"]}}],"collection":[{"href":"https:\/\/web.ciidiroaxaca.ipn.mx\/snavarrom\/wp-json\/wp\/v2\/pages"}],"about":[{"href":"https:\/\/web.ciidiroaxaca.ipn.mx\/snavarrom\/wp-json\/wp\/v2\/types\/page"}],"author":[{"embeddable":true,"href":"https:\/\/web.ciidiroaxaca.ipn.mx\/snavarrom\/wp-json\/wp\/v2\/users\/68"}],"replies":[{"embeddable":true,"href":"https:\/\/web.ciidiroaxaca.ipn.mx\/snavarrom\/wp-json\/wp\/v2\/comments?post=4"}],"version-history":[{"count":5,"href":"https:\/\/web.ciidiroaxaca.ipn.mx\/snavarrom\/wp-json\/wp\/v2\/pages\/4\/revisions"}],"predecessor-version":[{"id":83,"href":"https:\/\/web.ciidiroaxaca.ipn.mx\/snavarrom\/wp-json\/wp\/v2\/pages\/4\/revisions\/83"}],"wp:attachment":[{"href":"https:\/\/web.ciidiroaxaca.ipn.mx\/snavarrom\/wp-json\/wp\/v2\/media?parent=4"}],"curies":[{"name":"wp","href":"https:\/\/api.w.org\/{rel}","templated":true}]}}