{"id":10,"date":"2016-10-27T18:21:34","date_gmt":"2016-10-27T18:21:34","guid":{"rendered":"https:\/\/web.ciidiroaxaca.ipn.mx\/psantiago\/actividades-academicas\/"},"modified":"2025-10-19T22:48:32","modified_gmt":"2025-10-20T04:48:32","slug":"actividades-academicas","status":"publish","type":"page","link":"https:\/\/web.ciidiroaxaca.ipn.mx\/psantiago\/actividades-academicas\/","title":{"rendered":"Actividades acad\u00e9micas"},"content":{"rendered":"\n<h3 class=\"wp-block-heading\">Docente de las asignaturas<\/h3>\n\n\n\n<ul class=\"wp-block-list\">\n<li>Bioqu\u00edmica y Fisiolog\u00eda para el Manejo y Conservaci\u00f3n de Productos Agroalimentarios (MG) (Titular)<\/li>\n\n\n\n<li>Seminario I (MG)<\/li>\n\n\n\n<li>Seminario II (MG)<\/li>\n\n\n\n<li>Temas Selectos (MG)<\/li>\n\n\n\n<li>Seminario IV (MG)<\/li>\n\n\n\n<li>Seminario III &nbsp;<\/li>\n<\/ul>\n\n\n\n<h3 class=\"wp-block-heading\">Participaci\u00f3n en congresos<\/h3>\n\n\n\n<p><strong>International Fructan Symposium Fructans IFS 202<\/strong>2. (agavins) from <em>Agave\u00a0 angustifolia<\/em> and <em>Agave potatorum<\/em> as Fat\u00a0 Replacement in Yogurtffects on\u00a0 Physicochemical, Rheological, and\u00a0 Sensory Properties: E10-10-2022. Santiago Garc\u00eda et al., Octubre 2022.<\/p>\n\n\n\n<p><strong>3er Congreso Nacional y 1er Congreso Internacional de Agave Mezcal <\/strong>\u201cHacia la sustentabilidad\u201d, \u00a028, 29 y 30 de septiembre de 2023<\/p>\n\n\n\n<p>XII Jornadas Polit\u00e9cnicas en Ciencia y Tecnolog\u00eda 2019, Efecto de extracto de hojas de Agave potatorum Zucc. en el crecimiento de Pleurotus spp., S\u00e1nchez Heraz Florisela; Gait\u00e1n-Hern\u00e1ndez Rigoberto; <strong>Santiago Garc\u00eda Patricia Araceli<\/strong>; V\u00e1squez L\u00f3pez Alfonso; Soto Castro Delia*; Vargas Mendoza Yanet, 17 de mayo de 2019<\/p>\n\n\n\n<p>XII Jornadas Polit\u00e9cnicas en Ciencia y Tecnolog\u00eda 2019, Efecto de extracto etan\u00f3lico de Agave potatorum Zucc. en el crecimiento micelial de hongos comestibles, Vargas Mendoza Yanet; V\u00e1squez L\u00f3pez Alfonso; Gait\u00e1n- Hern\u00e1ndez Rigoberto; <strong>Santiago Garc\u00eda Patricia A<\/strong>; Soto Castro Delia*; S\u00e1nchez Heraz Florisela, 17 de mayo de 2019.<\/p>\n\n\n\n<p>XII Jornadas Polit\u00e9cnicas en Ciencia y Tecnolog\u00eda 2019, Integraci\u00f3n de un grupo socioproductivo para el aprovechamiento de Jamaica (Hibiscus sabdariffa). Hern\u00e1ndez Sosa Irvin Uriel; <strong>Santiago Garc\u00eda Patricia Araceli<\/strong>, 17 de mayo de 2019<\/p>\n\n\n\n<p><strong>The Innovations In Food Science &amp; Human Nutrition Conference 2018,<\/strong> \u201cPhysicochemical characterization of microcapsules from anthocyanins of vaccinium oxycoccus in agavins from agave Potatorum Zuc\u201d <strong>Patricia Santiago Garc\u00eda<\/strong>, Miguel Ch\u00e1vez Guti\u00e9rrez, Delia Soto Castro, Miriam Rodr\u00edguez Aparicio and Mercedes G. L\u00f3pez., 13-15 de septiembre de 2018.<\/p>\n\n\n\n<p>The Innovations In Food Science &amp; Human Nutrition Conference 2018, Evaluation of Agave angustifolia Zucc.agavins as fat replacement in the cookies manufacture. <strong>Patricia A. Santiago-Garc\u00eda<\/strong>, Erika Mellado-Mojica, Frank M. Le\u00f3n-Mart\u00ednez, Mercedes G. L\u00f3pez2. 13-15 de septiembre de 2018<\/p>\n\n\n\n<p>14\u00aa. Reuni\u00f3n Internacional de Investigaci\u00f3n en Productos Naturales 2018, Perfil fitoqu\u00edmico y capacidad antioxidante de extracto etan\u00f3lico de hojas de Agave Potatorum Zucc a diferentes edades, Garc\u00eda Cruz, VM, Soto Castro, D, <strong>Santiago Garc\u00eda, P<\/strong>, P\u00e9rez Herrera, A, Le\u00f3n Mart\u00ednez (P\u00f3ster)<\/p>\n\n\n\n<p>14\u00aa. Reuni\u00f3n Internacional de Investigaci\u00f3n en Productos Naturales 2018, Agavinas como agente encapsulante de compuestos bioactivos, Rodr\u00edguez, M, <strong>Santiago Garc\u00eda, PA<\/strong>*, Soto Castro, D, Guti\u00e9rrez MC, L\u00f3pez, MG. (P\u00f3ster)<\/p>\n\n\n\n<p>Secado por Aspersion\u00bb, Curso, Universidad Tecnologica de los Valles Centrales de Oaxaca, 23, 24 y 15 de abril de 2017<\/p>\n\n\n\n<p><strong>Patricia A. Santiago-Garc\u00eda<\/strong>1 and Mercedes G. L\u00f3pez2. 2016.Agavins from Agave angustifolia and Agave potatorum a\ufb00ect satiety-related hormones (GLP-1 and ghrelin) in mice. 8th International Fructan Symposium, Junio, 2016. Oaxaca, M\u00e9xico<\/p>\n\n\n\n<p><strong>Patricia A. Santiago-Garc\u00eda<\/strong>1, Cirenio Escamirosa, Erika Mellado-Mojica &amp; Mercedes G. L\u00f3pez2.2016.Evaluation of fructans from Agave potatorum Zucc. mezontle during your development in field. 8th International Fructan Symposium, Junio, 2016. Oaxaca, M\u00e9xico<\/p>\n\n\n\n<p>Miriam Rodr\u00edguez-Aparicio1, Karen Mart\u00ednez-Cruz1, Stefi Castillejos2, <strong>Patricia Santiago-Garc\u00eda<\/strong>1 and Mercedes G. L\u00f3pez. 2016 .Spray-dried of blueberry extract using agave fructans as an encapsulating agent., 8th International Fructan Symposium Junio, 2016. Oaxaca, M\u00e9xico<\/p>\n","protected":false},"excerpt":{"rendered":"<p>Docente de las asignaturas Participaci\u00f3n en congresos International Fructan Symposium Fructans IFS 2022. (agavins) from Agave\u00a0 angustifolia and Agave potatorum as Fat\u00a0 Replacement in Yogurtffects on\u00a0 Physicochemical, Rheological, and\u00a0 Sensory Properties: E10-10-2022. Santiago Garc\u00eda et al., Octubre 2022. 3er Congreso Nacional y 1er Congreso Internacional de Agave Mezcal \u201cHacia la sustentabilidad\u201d, \u00a028, 29 y 30 [&hellip;]<\/p>\n","protected":false},"author":71,"featured_media":0,"parent":0,"menu_order":0,"comment_status":"closed","ping_status":"closed","template":"","meta":{"_swt_meta_header_display":false,"_swt_meta_footer_display":false,"_swt_meta_site_title_display":false,"_swt_meta_sticky_header":false,"_swt_meta_transparent_header":false,"footnotes":""},"class_list":["post-10","page","type-page","status-publish","hentry"],"_links":{"self":[{"href":"https:\/\/web.ciidiroaxaca.ipn.mx\/psantiago\/wp-json\/wp\/v2\/pages\/10","targetHints":{"allow":["GET"]}}],"collection":[{"href":"https:\/\/web.ciidiroaxaca.ipn.mx\/psantiago\/wp-json\/wp\/v2\/pages"}],"about":[{"href":"https:\/\/web.ciidiroaxaca.ipn.mx\/psantiago\/wp-json\/wp\/v2\/types\/page"}],"author":[{"embeddable":true,"href":"https:\/\/web.ciidiroaxaca.ipn.mx\/psantiago\/wp-json\/wp\/v2\/users\/71"}],"replies":[{"embeddable":true,"href":"https:\/\/web.ciidiroaxaca.ipn.mx\/psantiago\/wp-json\/wp\/v2\/comments?post=10"}],"version-history":[{"count":5,"href":"https:\/\/web.ciidiroaxaca.ipn.mx\/psantiago\/wp-json\/wp\/v2\/pages\/10\/revisions"}],"predecessor-version":[{"id":68,"href":"https:\/\/web.ciidiroaxaca.ipn.mx\/psantiago\/wp-json\/wp\/v2\/pages\/10\/revisions\/68"}],"wp:attachment":[{"href":"https:\/\/web.ciidiroaxaca.ipn.mx\/psantiago\/wp-json\/wp\/v2\/media?parent=10"}],"curies":[{"name":"wp","href":"https:\/\/api.w.org\/{rel}","templated":true}]}}