{"id":5,"date":"2016-10-19T16:07:14","date_gmt":"2016-10-19T16:07:14","guid":{"rendered":"https:\/\/web.ciidiroaxaca.ipn.mx\/mrasilla\/dra-margarita-rasilla-cano\/"},"modified":"2025-10-13T21:41:31","modified_gmt":"2025-10-13T21:41:31","slug":"dra-margarita-rasilla-cano","status":"publish","type":"page","link":"https:\/\/web.ciidiroaxaca.ipn.mx\/mrasilla\/","title":{"rendered":"Dra. Margarita Rasilla Cano"},"content":{"rendered":"\n<p>Objetivo: Contribuir con los procesos formativos del nivel educativo de posgrado a trav\u00e9s de propiciar el aprendizaje de profesionales de la educaci\u00f3n personalizando el acompa\u00f1amiento.<\/p>\n\n\n\n<p>Qu\u00edmica por la Universidad Nacional Aut\u00f3noma de M\u00e9xico, Estudios de maestr\u00eda en Ciencias (Qu\u00edmica org\u00e1nica) por la Facultad de Qu\u00edmica, UNAM y Grado de Maestr\u00eda en Educaci\u00f3n Media Superior y Universitaria, por la Universidad de Oviedo, Espa\u00f1a. Doctorado en Ciencias de la Educaci\u00f3n por la Universidad Nacionalista M\u00e9xico.<\/p>\n\n\n\n<p>Ha ocupado tres cargos de administraci\u00f3n educativa en el Instituto Polit\u00e9cnico Nacional, Jefa de fomento a la investigaci\u00f3n educativa y Subdirectora de innovaci\u00f3n educativa en el Centro de Formaci\u00f3n e Innovaci\u00f3n Educativa; Subdirectora de servicios educativos en el Centro de educaci\u00f3n&nbsp;Continua, unidad Oaxaca.<\/p>\n\n\n\n<p>34 a\u00f1os de experiencia en docencia, de los cuales de manera paralela se han distribuido, 17 a\u00f1os en el nivel superior en carreras de ingenier\u00eda qu\u00edmica, 11 a\u00f1os en formaci\u00f3n de docente y 12 a\u00f1os en nivel maestr\u00eda.<\/p>\n\n\n\n<p>Investigadora educativa y formadora de docentes<\/p>\n\n\n\n<p><strong>Sus l\u00edneas de trabajo:<\/strong><\/p>\n\n\n\n<ul class=\"wp-block-list\">\n<li>Formaci\u00f3n docente multidisciplinaria a nivel medio superior, superior y posgrado<\/li>\n\n\n\n<li>Ambientes de aprendizaje <\/li>\n\n\n\n<li>Gesti\u00f3n de proyectos educativos<\/li>\n\n\n\n<li>Dise\u00f1o y evaluaci\u00f3n curricular<\/li>\n<\/ul>\n\n\n\n<p class=\"has-text-align-center\">Correos electr\u00f3nicos: mrasilla@ipn.mx<\/p>\n\n\n\n<p class=\"has-text-align-center\">Tels.: Conmutador: (951) 5171199 , 5170610 y 5170400 ext. 82715<\/p>\n","protected":false},"excerpt":{"rendered":"<p>Objetivo: Contribuir con los procesos formativos del nivel educativo de posgrado a trav\u00e9s de propiciar el aprendizaje de profesionales de la educaci\u00f3n personalizando el acompa\u00f1amiento. Qu\u00edmica por la Universidad Nacional Aut\u00f3noma de M\u00e9xico, Estudios de maestr\u00eda en Ciencias (Qu\u00edmica org\u00e1nica) por la Facultad de Qu\u00edmica, UNAM y Grado de Maestr\u00eda en Educaci\u00f3n Media Superior y [&hellip;]<\/p>\n","protected":false},"author":64,"featured_media":47,"parent":0,"menu_order":0,"comment_status":"closed","ping_status":"closed","template":"","meta":{"_swt_meta_header_display":false,"_swt_meta_footer_display":false,"_swt_meta_site_title_display":false,"_swt_meta_sticky_header":false,"_swt_meta_transparent_header":false,"footnotes":""},"class_list":["post-5","page","type-page","status-publish","has-post-thumbnail","hentry"],"_links":{"self":[{"href":"https:\/\/web.ciidiroaxaca.ipn.mx\/mrasilla\/wp-json\/wp\/v2\/pages\/5","targetHints":{"allow":["GET"]}}],"collection":[{"href":"https:\/\/web.ciidiroaxaca.ipn.mx\/mrasilla\/wp-json\/wp\/v2\/pages"}],"about":[{"href":"https:\/\/web.ciidiroaxaca.ipn.mx\/mrasilla\/wp-json\/wp\/v2\/types\/page"}],"author":[{"embeddable":true,"href":"https:\/\/web.ciidiroaxaca.ipn.mx\/mrasilla\/wp-json\/wp\/v2\/users\/64"}],"replies":[{"embeddable":true,"href":"https:\/\/web.ciidiroaxaca.ipn.mx\/mrasilla\/wp-json\/wp\/v2\/comments?post=5"}],"version-history":[{"count":5,"href":"https:\/\/web.ciidiroaxaca.ipn.mx\/mrasilla\/wp-json\/wp\/v2\/pages\/5\/revisions"}],"predecessor-version":[{"id":56,"href":"https:\/\/web.ciidiroaxaca.ipn.mx\/mrasilla\/wp-json\/wp\/v2\/pages\/5\/revisions\/56"}],"wp:featuredmedia":[{"embeddable":true,"href":"https:\/\/web.ciidiroaxaca.ipn.mx\/mrasilla\/wp-json\/wp\/v2\/media\/47"}],"wp:attachment":[{"href":"https:\/\/web.ciidiroaxaca.ipn.mx\/mrasilla\/wp-json\/wp\/v2\/media?parent=5"}],"curies":[{"name":"wp","href":"https:\/\/api.w.org\/{rel}","templated":true}]}}