{"id":7,"date":"2015-01-21T22:10:59","date_gmt":"2015-01-21T22:10:59","guid":{"rendered":"https:\/\/web.ciidiroaxaca.ipn.mx\/michavezg\/tesis-y-estancias\/"},"modified":"2026-01-22T15:40:00","modified_gmt":"2026-01-22T21:40:00","slug":"tesis","status":"publish","type":"page","link":"https:\/\/web.ciidiroaxaca.ipn.mx\/michavezg\/tesis\/","title":{"rendered":"Tesis"},"content":{"rendered":"\n<h3 class=\"wp-block-heading\">Tesis<\/h3>\n\n\n\n<p><strong>Israel Contreras Franco<\/strong>, \u00abBiocompositos a base de \u00e1cido poli-l\u00e1ctico reforzado con fibras de Agave angustifolia obtenido por extrusi\u00f3n y tecnolog\u00eda aditiva. Maestr\u00eda en ciencias en conservaci\u00f3n y aprovechamiento de recursos naturales,\u00a0Aprobado, 21\/08\/2025<\/p>\n\n\n\n<p><strong>Maaya Tonantzin Oliver Cadena<\/strong>, \u00abDise\u00f1o y elaboraci\u00f3n de un biopl\u00e1stico multicapa con liberaci\u00f3n\u00a0controlada de aceite esencial para su aplicaci\u00f3n en empaques alimentarios\u00bb, PN &#8211; CIIDIR Oaxaca, Director de tesis, Doctorado en ciencias en conservaci\u00f3n y aprovechamiento de recursos naturales. Aprobado, 07\/02\/2025<\/p>\n\n\n\n<p><strong>Hilda Loaeza Santiago<\/strong>, \u201cEvaluaci\u00f3n del uso de aditivos org\u00e1nicos estabilizantes a base de biopol\u00edmeros en las propiedades f\u00edsico-mec\u00e1nicas de un suelo\u201d, UBAJO, Co-Director de tesis, Maestr\u00eda en ciencias de la construcci\u00f3n, Aprobado, 28\/10\/2023<\/p>\n\n\n\n<p><strong>Edgar Otocani Figueroa P\u00e9rez<\/strong>. \u00abMemoria de forma en pel\u00edculas de quitosano-fibro\u00edna obtenidas con un solvente eut\u00e9ctico\u00bb,&nbsp;IPN &#8211; CIIDIR Oaxaca,&nbsp;Director de tesis, Maestr\u00eda en ciencias en conservaci\u00f3n y aprovechamiento de recursos naturales,&nbsp;Aprobado,&nbsp;27\/01\/2023.<\/p>\n\n\n\n<p><strong>Alicia Reyes Samilpa<\/strong>. \u00abMateriales bio-compuestos basados en almid\u00f3n de ma\u00edz reforzados con fibras cortas de&nbsp;agave salmiana\u00bb,&nbsp;Predoctoral aprobado (11\/01\/2019), IPN &#8211; CIIDIR Oaxaca,&nbsp;Director de tesis, Doctorado en ciencias en conservaci\u00f3n y aprovechamiento de recursos naturales.&nbsp;Aprobado, 06\/08\/2021.<\/p>\n\n\n\n<p><strong>Fernando P\u00e9rez Ortega<\/strong>.&nbsp;\u00abNanocompositos a base de pol\u00edmeros biodegradables reforzados con nanopart\u00edculas de s\u00edlice\u00bb,&nbsp;IPN &#8211; CIIDIR Oaxaca,&nbsp;Director de Tesis, Maestr\u00eda en ciencias en conservaci\u00f3n y aprovechamiento de recursos naturales,&nbsp;Aprobado, 15\/12\/2020<\/p>\n\n\n\n<p><strong>Uriel Reyes Torres<\/strong>. \u00abEfectos de las nanopart\u00edculas de plata en la memoria de forma del almid\u00f3n de papa termopl\u00e1stico\u00bb, IPN- CIIDIR Oaxaca,&nbsp;Director de tesis, Maestr\u00eda en conservaci\u00f3n y aprovechamiento de recursos naturales,&nbsp;Aprobado, 17\/01\/2020.<\/p>\n\n\n\n<p><strong>Miguel Alberto Pablo Calder\u00f3n<\/strong>, \u00abEstudio de las propiedades t\u00e9rmicas y mec\u00e1nicas de mezclas termopl\u00e1sticas de almid\u00f3n de ma\u00edz y acetato de celulosa\u00bb, IPN &#8211; CIIDIR Oaxaca,&nbsp;Director de Tesis, Maestr\u00eda en ciencias en conservaci\u00f3n y aprovechamiento de recursos naturales,&nbsp;Aprobado, 29\/07\/2019.<\/p>\n\n\n\n<p><strong>B\u00e1rbara Berenice \u00c1vila Morales<\/strong>, \u00abObtenci\u00f3n y caracterizaci\u00f3n de mezclas e h\u00edbridos polim\u00e9ricos de muc\u00edlago de nopal (Opuntia ficus-indica), PVA y PVP\u00bb, IPN &#8211; CIIDIR Oaxaca,&nbsp;Director de Tesis, Maestr\u00eda en ciencias en conservaci\u00f3n y aprovechamiento de recursos naturales,&nbsp;Aprobada, 06\/07\/2018.<\/p>\n\n\n\n<p><strong>Irais Arag\u00f3n Lucero<\/strong>,&nbsp;\u00abObtenci\u00f3n y caracterizaci\u00f3n de un biopl\u00e1stico a partir de residuos de la industria pesquera de dos especies: Marl\u00edn (Makaira nigricans) y Tibur\u00f3n (Carcharhinus falciformis)\u00bb, IPN &#8211; CIIDIR Oaxaca,&nbsp;Director de Tesis, Maestr\u00eda en ciencias en conservaci\u00f3n y aprovechamiento de recursos naturales,&nbsp;Menci\u00f3n honorifica,&nbsp;31\/01\/2018.<\/p>\n\n\n\n<p><strong>Axel Bende Gonz\u00e1lez<\/strong>, Residencia Profesional, \u00abEstudio de las propiedades de memoria de forma de un biopl\u00e1stico obtenido de los residuos de la industria pesquera\u00bb,&nbsp;Instituto Tecnol\u00f3gico de Oaxaca, Ingenier\u00eda Qu\u00edmica, Asesor de tesis para obtener el t\u00edtulo de Ingeniero Qu\u00edmico, ,&nbsp;14\/02\/2020<\/p>\n\n\n\n<p><strong>Fernando P\u00e9rez Ortega<\/strong>, \u00abPropiedades t\u00e9rmicas de un material compuesto de acetato de celulosa reforzado con fibras lignocellulosicas\u00bb, Universidad Tecnol\u00f3gica de los Valles Centrales de Oaxaca, Asesor de memorias para obtener t\u00edtulo de Ingeniero en energ\u00edas renovables,&nbsp;30\/09\/2016.<\/p>\n\n\n\n<p><strong>Axel Ruiz Jim\u00e9nez<\/strong>, \u201cEstudio mec\u00e1nico de un composite adicionado con fibras de agave\u201d, Universidad Tecnol\u00f3gica de la Mixteca, director de tesis de Ingeniero en dise\u00f1o,&nbsp;31\/05\/2016.<\/p>\n\n\n\n<p><strong>Alexander David G\u00f3mez Jarqu\u00edn<\/strong>, \u201cEfecto de entrecruzamiento en la memoria de forma de pel\u00edculas basadas en prote\u00edna l\u00e1ctea\u201d Universidad tecnol\u00f3gica de los Valles Centrales de Oaxaca, Asesor de memorias para obtener t\u00edtulo de Ingeniero en Mecatr\u00f3nica, 22\/08\/2023<\/p>\n\n\n\n<h3 class=\"wp-block-heading\">Estancias<\/h3>\n\n\n\n<p><strong>Gonzalo Santos L\u00f3pez<\/strong>,&nbsp;Estancia Postdoctoral,&nbsp;Estudio reol\u00f3gico de la obtenci\u00f3n de un biopl\u00e1stico a partir de residuos de la industria pesquera del pac\u00edfico mexicano,&nbsp;Septiembre 2020 &#8211; Agosto 2022,&nbsp;Supervisor<\/p>\n\n\n\n<p><strong>Areli Itzanami Mart\u00ednez Aquino<\/strong>, \u00abEvaluaci\u00f3n de pel\u00edculas de gelatina de pescado entrecruzadas con enzima transglutaminasa para el empaque y conservaci\u00f3n de <em>Fragaria vesca l.<\/em>\u00bb Servicio Social, UABJO, 12\/12\/2025<\/p>\n\n\n\n<p><strong>William Ariel P\u00e9rez L\u00f3pez<\/strong>, Desarrollo y Construcci\u00f3n de una C\u00e1mara de Humedad Controlada para Ensayos de Materiales Polim\u00e9ricos, Asesor de Pr\u00e1cticas profesionales, UTVCO, 07\/08\/2025<\/p>\n\n\n\n<p><strong>Sofia Sanchez Ojeda<\/strong>, Desarrollo y construcci\u00f3n de una extrusora para la transformaci\u00f3n DE PET reciclado en filamento de impresi\u00f3n 3D como alternativa sostenible, Asesor de Pr\u00e1cticas profesionales, UTVCO, 07\/08\/2025<\/p>\n\n\n\n<p><strong>Oscar Ramirez Reyes<\/strong>, Dise\u00f1o e implementaci\u00f3n de un m\u00f3dulo de impresi\u00f3n 3D<br>directa de polvos y control de temperatura de la plataforma t\u00e9rmica de la impresora experimental, Asesor de Pr\u00e1cticas profesionales, UTVCO, 07\/08\/2025<\/p>\n\n\n\n<p><strong>Horacio Cruz Ruiz<\/strong>, \u00abDise\u00f1o param\u00e9trico de una impresora 3D experimental con SolidWorks para pol\u00edmeros biodegradables\u00bb. Universidad tecnol\u00f3gica de los Valles Centrales de Oaxaca, Asesor de Pr\u00e1cticas profesionales,&nbsp;05\/04\/2024.&nbsp;<\/p>\n\n\n\n<p><strong>Leonardo David Arellanes Gazga<\/strong>, \u00abPrototipo de sistema para obtenci\u00f3n de filamentos biodegradables con memoria de forma para impresi\u00f3n 3D\u00bb. Universidad tecnol\u00f3gica de los Valles Centrales de Oaxaca, Asesor de practicas profesionales,&nbsp;05\/04\/2024.&nbsp;<\/p>\n\n\n\n<p><strong>Janeth Garc\u00eda Mendoza<\/strong>, Residencia Profesional, Universidad Aut\u00f3noma \u00abAntonio Narro\u00bb, Ingenier\u00eda en Agrobiolog\u00eda, \u00abExtracci\u00f3n de almid\u00f3n de especies de guaje rojo(L suculenta B) y verde (L leucocephala L) para la obtenci\u00f3n de una pel\u00edcula polim\u00e9rica\u00bb,&nbsp;Universidad Aut\u00f3noma Agraria Antonio Narro, Asesor de practicas profesionales de la carrera de Ingenier\u00eda agroforestal,&nbsp;19\/05\/2019.<\/p>\n\n\n\n<p><strong>Manuel Alejandro P\u00e9rez Robles<\/strong>,&nbsp; \u00abDeterminaci\u00f3n de impurezas mediante procesado de se\u00f1ales de infrarrojo obtenidas de muestras org\u00e1nicas e inorg\u00e1nicas\u00bb,&nbsp;Asesor de Servicio Social, Universidad Aut\u00f3noma \u00abBenito Ju\u00e1rez\u00bb de Oaxaca, Facultad de Ciencias Qu\u00edmicas,,&nbsp;10\/02\/2019.<\/p>\n\n\n\n<p><strong>Miguel \u00c1ngel Gualberto Rojas<\/strong> \u00abEncapsulaci\u00f3n de colorantes de jiotilla (escontria chiotilla) con almid\u00f3n de ma\u00edz (Zea mays) por el m\u00e9todo de extrusi\u00f3n\u00bb,&nbsp;Asesor, de Residencia Profesional, Instituto Tecnol\u00f3gico de Oaxaca, Ingenier\u00eda Qu\u00edmica, 12\/06\/2017.<\/p>\n\n\n\n<p><strong>Mauricio Jim\u00e9nez Calvo<\/strong>,&nbsp; \u00abNanocompositos de almid\u00f3n de ma\u00edz con nanopart\u00edculas de s\u00edlice\u00bb,&nbsp;Asesor de Servicio Social, Instituto Tecnol\u00f3gico de Oaxaca, Ingenier\u00eda Mec\u00e1nica ,&nbsp;30\/05\/2017.<\/p>\n","protected":false},"excerpt":{"rendered":"<p>Tesis Israel Contreras Franco, \u00abBiocompositos a base de \u00e1cido poli-l\u00e1ctico reforzado con fibras de Agave angustifolia obtenido por extrusi\u00f3n y tecnolog\u00eda aditiva. Maestr\u00eda en ciencias en conservaci\u00f3n y aprovechamiento de recursos naturales,\u00a0Aprobado, 21\/08\/2025 Maaya Tonantzin Oliver Cadena, \u00abDise\u00f1o y elaboraci\u00f3n de un biopl\u00e1stico multicapa con liberaci\u00f3n\u00a0controlada de aceite esencial para su aplicaci\u00f3n en empaques alimentarios\u00bb, [&hellip;]<\/p>\n","protected":false},"author":24,"featured_media":0,"parent":0,"menu_order":0,"comment_status":"closed","ping_status":"closed","template":"","meta":{"_swt_meta_header_display":false,"_swt_meta_footer_display":false,"_swt_meta_site_title_display":false,"_swt_meta_sticky_header":false,"_swt_meta_transparent_header":false,"footnotes":""},"class_list":["post-7","page","type-page","status-publish","hentry"],"_links":{"self":[{"href":"https:\/\/web.ciidiroaxaca.ipn.mx\/michavezg\/wp-json\/wp\/v2\/pages\/7","targetHints":{"allow":["GET"]}}],"collection":[{"href":"https:\/\/web.ciidiroaxaca.ipn.mx\/michavezg\/wp-json\/wp\/v2\/pages"}],"about":[{"href":"https:\/\/web.ciidiroaxaca.ipn.mx\/michavezg\/wp-json\/wp\/v2\/types\/page"}],"author":[{"embeddable":true,"href":"https:\/\/web.ciidiroaxaca.ipn.mx\/michavezg\/wp-json\/wp\/v2\/users\/24"}],"replies":[{"embeddable":true,"href":"https:\/\/web.ciidiroaxaca.ipn.mx\/michavezg\/wp-json\/wp\/v2\/comments?post=7"}],"version-history":[{"count":6,"href":"https:\/\/web.ciidiroaxaca.ipn.mx\/michavezg\/wp-json\/wp\/v2\/pages\/7\/revisions"}],"predecessor-version":[{"id":74,"href":"https:\/\/web.ciidiroaxaca.ipn.mx\/michavezg\/wp-json\/wp\/v2\/pages\/7\/revisions\/74"}],"wp:attachment":[{"href":"https:\/\/web.ciidiroaxaca.ipn.mx\/michavezg\/wp-json\/wp\/v2\/media?parent=7"}],"curies":[{"name":"wp","href":"https:\/\/api.w.org\/{rel}","templated":true}]}}