{"id":10,"date":"2019-10-31T20:38:16","date_gmt":"2019-10-31T20:38:16","guid":{"rendered":"https:\/\/web.ciidiroaxaca.ipn.mx\/jylopez\/actividades-academicas\/"},"modified":"2026-04-15T16:00:10","modified_gmt":"2026-04-15T22:00:10","slug":"actividades-academicas","status":"publish","type":"page","link":"https:\/\/web.ciidiroaxaca.ipn.mx\/jylopez\/actividades-academicas\/","title":{"rendered":"Actividades Acad\u00e9micas"},"content":{"rendered":"\n<h3 class=\"wp-block-heading rtecenter\"><strong>L\u00ednea<\/strong><strong>&nbsp;de Investigaci\u00f3n:<\/strong> <strong>Administraci\u00f3n de los Recursos Naturales<\/strong><\/h3>\n\n\n\n<h4 class=\"wp-block-heading\"><strong>Unidades de Aprendizaje <\/strong><strong>DCCARN<\/strong><\/h4>\n\n\n\n<ul class=\"wp-block-list\">\n<li>Seminario VI Febrero-Julio 2025<\/li>\n\n\n\n<li>Seminario de Investigaci\u00f3n III enero- junio 2022<\/li>\n\n\n\n<li>Seminario de Investigaci\u00f3n I septiembre 2020-enero 2021<\/li>\n\n\n\n<li>Seminario de Investigaci\u00f3n IV Enero &#8211; Agosto 2021<\/li>\n<\/ul>\n\n\n\n<h4 class=\"wp-block-heading\"><strong>Unidades de Aprendizaje MCCARN<\/strong><\/h4>\n\n\n\n<ul class=\"wp-block-list\">\n<li>Metodologias Participativas para Proyectos Comunitarios de Conservacion y Aprovechamiento de Recursos Naturales Enero-Julio 2026<\/li>\n\n\n\n<li>Seminario de investigaci\u00f3n IV Enero- Junio 2026 <\/li>\n\n\n\n<li>Metodolog\u00edas participativas para proyectos comunitarios de Conservaci\u00f3n y aprovechamientos de Recursos Naturales (ARN) Agosto &#8211; Enero 2026<\/li>\n\n\n\n<li>Metodolog\u00edas participativas para proyectos comunitarios de conservacion y aprovechamientos de recursos naturales (ARN) Febrero &#8211; Julio 2025<\/li>\n\n\n\n<li>Gesti\u00f3n de proyectos multidisciplinarios (ARN) Febrero &#8211; Julio 2025<\/li>\n\n\n\n<li>Seminario de Investigaci\u00f3n II Febrero &#8211; Julio 2024<\/li>\n\n\n\n<li>Temas selectos I Febrero &#8211; Julio 2024<\/li>\n\n\n\n<li>Seminario de Investigaci\u00f3n IV* (ARN) Febrero &#8211; Julio 2025<\/li>\n\n\n\n<li>Gesti\u00f3n de proyectos multidisciplinarios Enero &#8211; Junio 2023<\/li>\n\n\n\n<li>Seminario de Investigaci\u00f3n II Agosto \u2013 Diciembre 2022<\/li>\n\n\n\n<li>Seminario de Investigaci\u00f3n I&nbsp; Febrero &#8211; Junio 2022<\/li>\n\n\n\n<li>Seminario de Investigaci\u00f3n IV. Febrero -Junio 2021<\/li>\n\n\n\n<li>Seminario de Investigaci\u00f3n I (PPV) Febrero -Junio 2021<\/li>\n\n\n\n<li>Seminario de Investigaci\u00f3n I. &nbsp;<strong>&nbsp;<\/strong>Septiembre 2020-enero 2021<\/li>\n\n\n\n<li>Formulaci\u00f3n estrat\u00e9gica de proyectos septiembre 2020-enero 2021<\/li>\n\n\n\n<li>Seminario de Investigaci\u00f3n I. &nbsp;<strong>&nbsp;<\/strong>enero-junio 2020<\/li>\n\n\n\n<li>Seminario de Investigaci\u00f3n III. <strong>&nbsp;<\/strong>agosto-diciembre 2019<\/li>\n\n\n\n<li>Seminario de Investigaci\u00f3n II. &nbsp;febrero-junio 2018<\/li>\n\n\n\n<li>Formulaci\u00f3n Estrat\u00e9gica de Proyectos. Agosto-diciembre 2017<\/li>\n\n\n\n<li>Seminario de Investigaci\u00f3n IV. Agosto-diciembre 2017<\/li>\n\n\n\n<li>Seminario de Investigaci\u00f3n III. &nbsp;enero-junio 2017<\/li>\n\n\n\n<li>Seminario de Investigaci\u00f3n II. enero-junio 2017<\/li>\n\n\n\n<li>Seminario de Investigaci\u00f3n I. <strong>&nbsp;<\/strong>agosto-diciembre 2016<\/li>\n\n\n\n<li>Seminario de Investigaci\u00f3n II. agosto-diciembre 2016<\/li>\n\n\n\n<li>Seminario de Investigaci\u00f3n II. febrero-junio 2016<\/li>\n\n\n\n<li>Seminario de Investigaci\u00f3n III. febrero-junio 2016.<\/li>\n<\/ul>\n\n\n\n<h3 class=\"wp-block-heading\"><strong>Distinciones<\/strong><strong>:<\/strong><\/h3>\n\n\n\n<h4 class=\"wp-block-heading\"><em><strong>CONACYT<\/strong><\/em><\/h4>\n\n\n\n<ul class=\"wp-block-list\">\n<li>SNI Investigadora Nacional Nivel I Enero 2023- Diciembre 2027<\/li>\n\n\n\n<li>SNI Candidato a Investigador Enero 2020-dic 2022<\/li>\n<\/ul>\n\n\n\n<h4 class=\"wp-block-heading rtecenter\"><strong><em>NO CONACYT:<\/em><\/strong><\/h4>\n\n\n\n<ul class=\"wp-block-list\">\n<li><strong>2019.- Presea Juan de Dios B\u00e1tiz del IPN<\/strong><\/li>\n\n\n\n<li><strong>2019.- Medalla Rafael Ram\u00edrez (SEP)&nbsp;<\/strong><\/li>\n\n\n\n<li>2016-2018.- Miembro del Consejo Acad\u00e9mico del Sistema de Becas por Exclusividad (SIBE-COFAA)<\/li>\n<\/ul>\n\n\n\n<h4 class=\"wp-block-heading\"><strong>Miembro de Asociaciones Nacionales e Internacionales&nbsp;<\/strong><\/h4>\n\n\n\n<ul class=\"wp-block-list\">\n<li>2020 a la fecha Miembro de la Sociedad Multidisciplinaria en Ciencias Agron\u00f3micas Aplicadas y Biotecnolog\u00eda (SOMUCAAB, A.C.).<\/li>\n\n\n\n<li>2005 a la fecha Miembro de la Academia Nacional de Ciencias Ambientales (ANCA)<\/li>\n\n\n\n<li>2015- a la fecha Miembro de la Asociaci\u00f3n Mexicana de Ciencias para el Desarrollo Regional (AMECIDER)<\/li>\n\n\n\n<li>2010&nbsp;a la fecha.&nbsp; Miembro de la Regional Science Association International (RSAI)<\/li>\n\n\n\n<li>2015 a la fecha Miembro de Instituto Welte para&nbsp;Estudios Oaxaque\u00f1os.(WELTE)&nbsp;<\/li>\n<\/ul>\n\n\n\n<h4 class=\"wp-block-heading\"><strong>Coordinaci\u00f3n y\/o Organizaci\u00f3n de Eventos<\/strong><\/h4>\n\n\n\n<ul class=\"wp-block-list\">\n<li>Integrante del Comit\u00e9 Organizador del 1er Congreso Nacional de Agave Mezcal<\/li>\n\n\n\n<li>Integrante del Comit\u00e9 Organizador del 2do. Congreso Nacional de Agave Mezcal<\/li>\n\n\n\n<li>Participante del Panel:\u201d Una Ley del Mezcal en Oaxaca\u201d<\/li>\n<\/ul>\n\n\n\n<h4 class=\"wp-block-heading\"><strong>Integrante del Comit\u00e9 T\u00e9cnico Cient\u00edfico<\/strong><\/h4>\n\n\n\n<ul class=\"wp-block-list\">\n<li>2019.- 2do. Congreso Nacional de Agave Mezcal<\/li>\n\n\n\n<li>2019.- XII Jornadas Polit\u00e9cnicas en Ciencia y Tecnolog\u00eda<\/li>\n\n\n\n<li>2018.- XI Jornadas Polit\u00e9cnicas en Ciencia y Tecnolog\u00eda<\/li>\n\n\n\n<li>2017.- 1er. Congreso Nacional de Agave Mezcal<\/li>\n\n\n\n<li>2017.- X Jornadas Polit\u00e9cnicas de Investigaci\u00f3n<\/li>\n<\/ul>\n\n\n\n<p><a href=\"https:\/\/intranet.ciidiroaxaca.ipn.mx\/jornadaspolitecnicas\/#\">https:\/\/intranet.ciidiroaxaca.ipn.mx\/jornadaspolitecnicas<\/a><\/p>\n\n\n\n<h4 class=\"wp-block-heading\"><strong>Arbitro de Revistas<\/strong><\/h4>\n\n\n\n<p>CONTRIBUCI\u00d3N AL CONOCIMIENTO CIETIFICO Y TECNOLOGICO EN OAXACA (2017-2019) &#8211;&nbsp;<a href=\"https:\/\/www.ciidiroaxaca.ipn.mx\/cccto\">hhttps:\/\/www.ciidiroaxaca.ipn.mx\/cccto<\/a><\/p>\n\n\n\n<p>NUM ESPECIAL DE LA REVISTA MEXICANA DE AGROECOSISTEMAS<\/p>\n\n\n\n<p>VOL IV.Num 2, 2017. Suplemento 2,&nbsp;<a href=\"https:\/\/www.voaxaca.tecnm.mx\/revista\/\">https:\/\/www.voaxaca.tecnm.mx\/revista\/<\/a><\/p>\n\n\n\n<p>REVISTA INTERNACIONAL DEL CENTRO DE INFORMACI\u00d3N TECNOL\u00d3GICA (CIT). 2020.Pa\u00eds. Chile. <a href=\"http:\/\/www.citrevistas.cl\">http:\/\/www.citrevistas.cl<\/a><\/p>\n\n\n\n<h4 class=\"wp-block-heading rtecenter\"><strong><strong>Evaluador en Eventos Acad\u00e9micos<\/strong><\/strong><\/h4>\n\n\n\n<ul class=\"wp-block-list\">\n<li>2019.- Jurado del 2do. Encuentro Nacional de Emprendedores (Fase Nacional)<\/li>\n\n\n\n<li>2019.- Jurado del 2\u00ba. Encuentro Nacional de Emprendedores (Fase Estatal)<\/li>\n\n\n\n<li>2018.- Jurado del 1er Encuentro Nacional de Emprendedores (Fase Estatal)<\/li>\n\n\n\n<li>2017.- Dictaminadora del Proceso de Evaluaci\u00f3n del Programa de Fortalecimiento a la Calidad Educativa (PFCE-SEP)<\/li>\n\n\n\n<li>2017.- Jurado del 5to. Encuentro de J\u00f3venes Investigadores. Consejo Oaxaque\u00f1o de Ciencia y Tecnologia.<\/li>\n\n\n\n<li>2017.- Jurado del XIX Concurso Nacional de Prototipos<\/li>\n\n\n\n<li>2017.- Dictaminadora del Programa de Coinversi\u00f3n Social (INDESOL-SEDESOL)<\/li>\n\n\n\n<li>2016 y 2018.- Integrante de la Comisi\u00f3n para la Acreditaci\u00f3n del Programa de Doctorado en Ciencias en Conservaci\u00f3n y Aprovechamiento de Recursos Naturales en el PNPC.<\/li>\n\n\n\n<li>2016.- Dictaminadora del Programa de Coinversi\u00f3n Social (INDESOL-SEDESOL)<\/li>\n\n\n\n<li>2016.- Dictaminadora del Proceso de Evaluaci\u00f3n del Programa de Fortalecimiento a la Calidad Educativa (PFCE-SEP)<\/li>\n<\/ul>\n\n\n\n<h4 class=\"wp-block-heading rtecenter\"><strong><strong>Actividades de Divulgaci\u00f3n (Participaci\u00f3n en conferencias)<\/strong><\/strong><\/h4>\n\n\n\n<ul class=\"wp-block-list\">\n<li>Propuesta metodol\u00f3gica: an\u00e1lisis FODA con perspectiva de genero, en las XIV Jornadas Polit\u00e9cnicas (Entornos virtuales para la circulaci\u00f3n del conocimiento cient\u00edfico y tecnol\u00f3gico con enfoque E4.0). 28 Mayo 2021.<\/li>\n\n\n\n<li>Manejo del residuos del mezcal artesanal en Santa Catarina Minas, Oax. Congreso Internacional de la Red de Medio Ambiente CIMA. Cuernavaca, Morelos; 6 al 8 Octubre 2021.<\/li>\n\n\n\n<li>La participaci\u00f3n de la mujer y su contribuci\u00f3n al bienestar econ\u00f3mico y familiar en comunidades marginadas de Oaxaca. Congreso de Ciencias Sociales. ASMIIA. 10 y 11 de Diciembre 2020.<\/li>\n\n\n\n<li>Participaci\u00f3n de la mujer en la transmisi\u00f3n de saberes tradicionales y estrategias de comercializaci\u00f3n ante la pandemia de COVID-19, en los procesos artesanales en Oaxaca. AMECIDER, modalidad virtual 16 al 20 Noviembre de 2020.<\/li>\n\n\n\n<li>Uso del Dasylirion acrotrichum y la necesidad de estrategias para la conservaci\u00f3n y aprovechamiento sustentable de este recurso. CEDESU, Modalidad virtual Campeche 09 de noviembre 2020.&nbsp;<\/li>\n\n\n\n<li>Impacto social y competitividad en los proyectos de emprendedores. UEMSTIS en el estado de Oaxaca. 5 jun 2019.<\/li>\n\n\n\n<li>La Responsabilidad Social y los proyectos de emprendedores. UEMSTIS en el estado de Oaxaca. 30 may 2019.<\/li>\n\n\n\n<li>Participaci\u00f3n de mujeres en proyectos comunitarios. UEMSTIS en el estado de Oaxaca. 16 may 2019.<\/li>\n\n\n\n<li>Proyectos sociales, innovaci\u00f3n y emprendimiento. UEMSTIS en el estado de Oaxaca. 17 abr 2019.<\/li>\n\n\n\n<li>El rescate del Conocimiento Tradicional en las actividades productivas de las comunidades ind\u00edgenas. Universidad LaSalle. Primera Jornada Acad\u00e9mica de las maestr\u00edas en Tecnolog\u00edas de Informaci\u00f3n Empresarial Admiistraci\u00f3n de Negocios y Mercadotecnia Tur\u00edstica. 6 abr 2019.<\/li>\n\n\n\n<li>La relaci\u00f3n de l ciencia con el bienestar comunitario.- Colegio de Bachilleres del estado de Oaxaca. En el marco de la XXV Semana Nacional de Ciencia y Tecnolog\u00eda. 25 oct 2018.<\/li>\n\n\n\n<li>Innovaci\u00f3n y Responsabilidad Social en los proyectos de Desarrollo.Tecnol\u00f3gico Nacional de M\u00e9xico. Instituto Tecnol\u00f3gico del Valle de Etla. 21 agto. 2018.<\/li>\n\n\n\n<li>Importancia de la participaci\u00f3n de mujeres en proyectos sociales. UEMSTIS en el estado de Oaxaca. 24 may 2018.<\/li>\n\n\n\n<li>Innovaci\u00f3n y emprendimiento en proyectos sociales. UEMSTIS en el estado de Oaxaca. 17 abril 2018.<\/li>\n\n\n\n<li>Responsabilidad Social en la Administraci\u00f3n de los Recursos.en el marco del 45 Anniversario de la UPIICSA. 24 agto. 2017.<\/li>\n\n\n\n<li>Trabajo en equipo:Elemento esencial en los proyectos de j\u00f3venes emprendedores. Direcci\u00f3n General de Educaci\u00f3n Tecnol\u00f3gica Industrial (DGETI) en el estado de Oaxaca. 3 abr 2017,<\/li>\n\n\n\n<li>La Responsabilidad &nbsp;Social en el uso de los Recursos Naturales. Direcci\u00f3n General de Educaci\u00f3n Tecnol\u00f3gica Industrial (DGETI) en el estado de Oaxaca. 14 mar 2017.<\/li>\n\n\n\n<li>Utilizaci\u00f3n del bagazo residual de la industria del mezcal como sustrato en cultivo sin suelo de tomate y maguey mezcalero. (Asociaci\u00f3n de Egresados de Chapingo en Oaxaca, A.C. y COFUPRO. 11 marzo 2017.<\/li>\n\n\n\n<li>Elementos esenciales para la creaci\u00f3n de empresas.-Consejo Oaxaque\u00f1o de Ciencia y Tecnolog\u00eda (COCYT) y el CIIDIR Unidad Oaxaca. En el marco del Diplomado \u201cInnovaci\u00f3n y creatividad para el desarrollo sustentable de negocios\u201d. 1 julio 2016.<\/li>\n<\/ul>\n\n\n\n<p><\/p>\n","protected":false},"excerpt":{"rendered":"<p>L\u00ednea&nbsp;de Investigaci\u00f3n: Administraci\u00f3n de los Recursos Naturales Unidades de Aprendizaje DCCARN Unidades de Aprendizaje MCCARN Distinciones: CONACYT NO CONACYT: Miembro de Asociaciones Nacionales e Internacionales&nbsp; Coordinaci\u00f3n y\/o Organizaci\u00f3n de Eventos Integrante del Comit\u00e9 T\u00e9cnico Cient\u00edfico https:\/\/intranet.ciidiroaxaca.ipn.mx\/jornadaspolitecnicas Arbitro de Revistas CONTRIBUCI\u00d3N AL CONOCIMIENTO CIETIFICO Y TECNOLOGICO EN OAXACA (2017-2019) &#8211;&nbsp;hhttps:\/\/www.ciidiroaxaca.ipn.mx\/cccto NUM ESPECIAL DE LA REVISTA MEXICANA [&hellip;]<\/p>\n","protected":false},"author":6,"featured_media":0,"parent":0,"menu_order":0,"comment_status":"closed","ping_status":"closed","template":"","meta":{"_swt_meta_header_display":false,"_swt_meta_footer_display":false,"_swt_meta_site_title_display":false,"_swt_meta_sticky_header":false,"_swt_meta_transparent_header":false,"footnotes":""},"class_list":["post-10","page","type-page","status-publish","hentry"],"_links":{"self":[{"href":"https:\/\/web.ciidiroaxaca.ipn.mx\/jylopez\/wp-json\/wp\/v2\/pages\/10","targetHints":{"allow":["GET"]}}],"collection":[{"href":"https:\/\/web.ciidiroaxaca.ipn.mx\/jylopez\/wp-json\/wp\/v2\/pages"}],"about":[{"href":"https:\/\/web.ciidiroaxaca.ipn.mx\/jylopez\/wp-json\/wp\/v2\/types\/page"}],"author":[{"embeddable":true,"href":"https:\/\/web.ciidiroaxaca.ipn.mx\/jylopez\/wp-json\/wp\/v2\/users\/6"}],"replies":[{"embeddable":true,"href":"https:\/\/web.ciidiroaxaca.ipn.mx\/jylopez\/wp-json\/wp\/v2\/comments?post=10"}],"version-history":[{"count":7,"href":"https:\/\/web.ciidiroaxaca.ipn.mx\/jylopez\/wp-json\/wp\/v2\/pages\/10\/revisions"}],"predecessor-version":[{"id":84,"href":"https:\/\/web.ciidiroaxaca.ipn.mx\/jylopez\/wp-json\/wp\/v2\/pages\/10\/revisions\/84"}],"wp:attachment":[{"href":"https:\/\/web.ciidiroaxaca.ipn.mx\/jylopez\/wp-json\/wp\/v2\/media?parent=10"}],"curies":[{"name":"wp","href":"https:\/\/api.w.org\/{rel}","templated":true}]}}