{"id":6,"date":"2017-11-08T19:57:45","date_gmt":"2017-11-08T19:57:45","guid":{"rendered":"https:\/\/web.ciidiroaxaca.ipn.mx\/emendezg\/dra-elia-maria-del-carmen-mendez-garcia\/"},"modified":"2025-09-02T16:27:05","modified_gmt":"2025-09-02T16:27:05","slug":"dra-elia-maria-del-carmen-mendez-garcia","status":"publish","type":"page","link":"https:\/\/web.ciidiroaxaca.ipn.mx\/emendezg\/","title":{"rendered":"Dra. Elia Mar\u00eda del Carmen M\u00e9ndez Garc\u00eda"},"content":{"rendered":"\n<figure class=\"wp-block-image aligncenter\"><img decoding=\"async\" src=\"https:\/\/web.ciidiroaxaca.ipn.mx\/emendezg\/wp-content\/uploads\/sites\/7\/2017\/11\/Dra.-Elia.jpg\" alt=\"\"\/><\/figure>\n\n\n\n<h3 class=\"wp-block-heading has-text-align-center\">Sistema Nacional de Investigadores (SNI) Nivel 1<\/h3>\n\n\n\n<h4 class=\"wp-block-heading has-text-align-center\">Doctora en Sociolog\u00eda<\/h4>\n\n\n\n<p class=\"has-text-align-center\">por la&nbsp;Benem\u00e9rita Universidad Aut\u00f3noma de Puebla (BUAP)<\/p>\n\n\n\n<h4 class=\"wp-block-heading has-text-align-center\">Maestra en Ling\u00fc\u00edstica Aplicada<\/h4>\n\n\n\n<p class=\"has-text-align-center\">por la Universidad Aut\u00f3noma Benito Ju\u00e1rez de Oaxaca (UABJO)<\/p>\n\n\n\n<h4 class=\"wp-block-heading has-text-align-center\">Licenciada en Lengua y Literatura Hisp\u00e1nicas<\/h4>\n\n\n\n<p class=\"has-text-align-center\">por la Universidad Nacional Aut\u00f3noma de M\u00e9xico (UNAM)<\/p>\n\n\n\n<p class=\"has-text-align-center\"><strong>L\u00edneas de investigaci\u00f3n:<\/strong><\/p>\n\n\n\n<p class=\"has-text-align-center\">Sociolog\u00eda comunitaria, memoria colectiva, gobernanza y territorio.<\/p>\n\n\n\n<p class=\"has-text-align-center\"><strong>\u00c1reas de inter\u00e9s:<\/strong><\/p>\n\n\n\n<p class=\"has-text-align-center\">Pueblos y comunidades ind\u00edgenas, conocimiento tradicional, gesti\u00f3n del agua, conflictividad socioambiental, sociolog\u00eda de la alimentaci\u00f3n y feminismos descoloniales.<\/p>\n\n\n\n<p class=\"has-text-align-center\">CIIDIR Oaxaca Instituto Polit\u00e9cnico Nacional<\/p>\n\n\n\n<p class=\"has-text-align-center\">Correo electr\u00f3nico: emendezg@ipn.mx<\/p>\n\n\n\n<p class=\"has-text-align-center\">Tel\u00e9fono: (951) 5170610 Ext. 82768<\/p>\n","protected":false},"excerpt":{"rendered":"<p>Sistema Nacional de Investigadores (SNI) Nivel 1 Doctora en Sociolog\u00eda por la&nbsp;Benem\u00e9rita Universidad Aut\u00f3noma de Puebla (BUAP) Maestra en Ling\u00fc\u00edstica Aplicada por la Universidad Aut\u00f3noma Benito Ju\u00e1rez de Oaxaca (UABJO) Licenciada en Lengua y Literatura Hisp\u00e1nicas por la Universidad Nacional Aut\u00f3noma de M\u00e9xico (UNAM) L\u00edneas de investigaci\u00f3n: Sociolog\u00eda comunitaria, memoria colectiva, gobernanza y territorio. \u00c1reas [&hellip;]<\/p>\n","protected":false},"author":7,"featured_media":0,"parent":0,"menu_order":0,"comment_status":"closed","ping_status":"closed","template":"","meta":{"_swt_meta_header_display":false,"_swt_meta_footer_display":false,"_swt_meta_site_title_display":false,"_swt_meta_sticky_header":false,"_swt_meta_transparent_header":false,"footnotes":""},"class_list":["post-6","page","type-page","status-publish","hentry"],"_links":{"self":[{"href":"https:\/\/web.ciidiroaxaca.ipn.mx\/emendezg\/wp-json\/wp\/v2\/pages\/6","targetHints":{"allow":["GET"]}}],"collection":[{"href":"https:\/\/web.ciidiroaxaca.ipn.mx\/emendezg\/wp-json\/wp\/v2\/pages"}],"about":[{"href":"https:\/\/web.ciidiroaxaca.ipn.mx\/emendezg\/wp-json\/wp\/v2\/types\/page"}],"author":[{"embeddable":true,"href":"https:\/\/web.ciidiroaxaca.ipn.mx\/emendezg\/wp-json\/wp\/v2\/users\/7"}],"replies":[{"embeddable":true,"href":"https:\/\/web.ciidiroaxaca.ipn.mx\/emendezg\/wp-json\/wp\/v2\/comments?post=6"}],"version-history":[{"count":2,"href":"https:\/\/web.ciidiroaxaca.ipn.mx\/emendezg\/wp-json\/wp\/v2\/pages\/6\/revisions"}],"predecessor-version":[{"id":32,"href":"https:\/\/web.ciidiroaxaca.ipn.mx\/emendezg\/wp-json\/wp\/v2\/pages\/6\/revisions\/32"}],"wp:attachment":[{"href":"https:\/\/web.ciidiroaxaca.ipn.mx\/emendezg\/wp-json\/wp\/v2\/media?parent=6"}],"curies":[{"name":"wp","href":"https:\/\/api.w.org\/{rel}","templated":true}]}}