{"id":8,"date":"2012-08-03T16:28:25","date_gmt":"2012-08-03T16:28:25","guid":{"rendered":"https:\/\/web.ciidiroaxaca.ipn.mx\/apoblanov\/actividades-academicas\/"},"modified":"2025-09-12T19:15:05","modified_gmt":"2025-09-12T19:15:05","slug":"actividades-academicas","status":"publish","type":"page","link":"https:\/\/web.ciidiroaxaca.ipn.mx\/apoblanov\/actividades-academicas\/","title":{"rendered":"Actividades acad\u00e9micas"},"content":{"rendered":"\n<h1 class=\"wp-block-heading\">Docencia<\/h1>\n\n\n\n<h2 class=\"wp-block-heading\">Maestr\u00eda &nbsp;en Conservaci\u00f3n y Aprovechamiento de Rec, Naturales<\/h2>\n\n\n\n<ul class=\"wp-block-list\">\n<li>Mercadotecnia Verde 07B5267 \u00a0 \u00a0 \u00a0 \u00a0 \u00a0 \u00a0 \u00a0 \u00a0 \u00a0 \u00a0 \u00a0 \u00a0 \u00a0 \u00a0 \u00a0 \u00a0 \u00a0 \u00a0 \u00a0 \u00a0 \u00a0 \u00a0 \u00a0 Ene-Jun 2009<\/li>\n\n\n\n<li>Formulaci\u00f3n Estrat\u00e9gica de Proyectos \u00a003A4236 \u00a0 \u00a0 \u00a0 \u00a0 \u00a0 \u00a0 \u00a0 \u00a0 \u00a0 Ag-Dic 2009<\/li>\n\n\n\n<li>Teor\u00eda de la Administraci\u00f3n \u00a007B5268 \u00a0 \u00a0 \u00a0 \u00a0 \u00a0 \u00a0 \u00a0 \u00a0 \u00a0 \u00a0 \u00a0 \u00a0 \u00a0 \u00a0 \u00a0 \u00a0 \u00a0 \u00a0Ene-Jun 2010<\/li>\n\n\n\n<li>Seminario de \u00a0Investigaci\u00f3n I. \u00a003A4232 \u00a0 \u00a0 \u00a0 \u00a0 \u00a0 \u00a0 \u00a0 \u00a0 \u00a0 \u00a0 \u00a0 \u00a0 \u00a0 \u00a0 \u00a0 \u00a0Ag-Dic 2010<\/li>\n\n\n\n<li>Formulaci\u00f3n Estrat\u00e9gica de Proyectos \u00a003A4237 \u00a0 \u00a0 \u00a0 \u00a0 \u00a0 \u00a0 \u00a0 \u00a0 \u00a0 Ene-Jun 2011<\/li>\n\n\n\n<li>Formulaci\u00f3n Estrat\u00e9gica de Proyectos \u00a003A4237 \u00a0 \u00a0 \u00a0 \u00a0 \u00a0 \u00a0 \u00a0 \u00a0 \u00a0 Ag&#8211; dic.2011<\/li>\n\n\n\n<li>Teor\u00eda de la Empresa basada en la comunidad 12A6432 \u00a0 \u00a0 \u00a0Ag,- dic- 2012<\/li>\n<\/ul>\n\n\n\n<h2 class=\"wp-block-heading\">Maestr\u00eda en Gesti\u00f3n de Proyectos para el Desarrollo Solidario.&nbsp;<\/h2>\n\n\n\n<ul class=\"wp-block-list\">\n<li>Bases te\u00f3rico metodol\u00f3gicas de proyectos para el desarrollo solidario. Clave CPE-1176-16<\/li>\n\n\n\n<li>Formulaci\u00f3n de proyectos y evaluaci\u00f3n exante. Clave 12B6568<\/li>\n\n\n\n<li>Formulaci\u00f3n de proyectos y evaluaci\u00f3n expost. Clave 12B6569<\/li>\n\n\n\n<li>Seminario IV 2016A\u00a0<\/li>\n<\/ul>\n\n\n\n<p>&nbsp;<\/p>\n\n\n\n<h1 class=\"wp-block-heading\">Trabajos presentados en congresos<\/h1>\n\n\n\n<h3 class=\"wp-block-heading\">2024<\/h3>\n\n\n\n<p>Producci\u00f3n y Comercializaci\u00f3n Tradicional de Tunillo (Stenocereus stellatus) por una Comunidad Zapoteca de los Valles Centrales de Oaxaca.&nbsp;Itandehui L\u00f3pez Castellanos,&nbsp;Nelly Arellanes Ju\u00e1rez, Pedro Benito Bautista, David Mart\u00ednez S\u00e1nchez, Omar Franco Mora, Amado Poblano V\u00e1squez. AJ Chiapas, 28.29 junio 2024. Chiapas, M\u00e9xico.<\/p>\n\n\n\n<h3 class=\"wp-block-heading\">2022<\/h3>\n\n\n\n<p>Conservas de frutos de tunillo [Stenocereus stellatus&nbsp;(Pfeiffer) Riccobono].&nbsp;Nelly Arellanes Ju\u00e1rez, Dhalia Alejandra Villag\u00f3mez Gonz\u00e1lez,&nbsp;Pedro Benito Bautista, Amado Poblano V\u00e1squez.&nbsp;Congreso AJ CELAYA 2022. 9-11 de noviembre 2022.<\/p>\n\n\n\n<h3 class=\"wp-block-heading\">2020<\/h3>\n\n\n\n<p>Fortalecimiento de una Unidad de Producci\u00f3n familiar dedicada al cultivo de hongo seta (Pleurotus ostreatus). Escamirosa Tinoco&nbsp;Cirenio,&nbsp;Morales Nava&nbsp;Gabriela, Poblano V\u00e1squez Amado.&nbsp;Congreso virtual CIVITEC 2020. 30 y 31 de octubre 2020.&nbsp;<\/p>\n\n\n\n<p>Aportaci\u00f3n nutricional del fruto de tunillo [Stenocereus stellatus&nbsp;(Pfeiffer) Riccobono] en comunidades de Valles Centrales de Oaxaca.&nbsp;Nelly Arellanes Ju\u00e1rez, Evelyn Itzel L\u00e1zaro Ju\u00e1rez, Pedro Benito Bautista, Marco Antonio S\u00e1nchez Medina, Amado Poblano V\u00e1squez, Mar\u00eda de los Remedios Aguilar Santelises. AJ Oaxaca 2020. 17 al 19 de junio 2020.<\/p>\n\n\n\n<p>Evaluaci\u00f3n de betala\u00ednas obtenidas del fruto de&nbsp;Stenocereus stellatus&nbsp;(Pfeiffer) Riccobono.&nbsp;Nelly Arellanes Ju\u00e1rez, Vanessa Jarqu\u00edn Antonio, Pedro Benito Bautista, Evelyn Itzel L\u00e1zaro Ju\u00e1rez, Amado Poblano V\u00e1squez, Ariadna P\u00e9rez Saucedo. AJ Oaxaca 2020. 17 al 19 de junio 2020.<\/p>\n\n\n\n<p>Fortalecimiento de una Unidad Productora Familiar&nbsp;de quesillo en Nazareno Etla, Oaxaca.&nbsp;Porras S\u00e1nchez Nidia Karina,&nbsp;Amado Poblano V\u00e1squez,&nbsp;Pedro Benito Bautista.&nbsp;XII Jornadas Polit\u00e9cnicas en Ciencia y Tecnolog\u00eda 2020. Instituto Polit\u00e9cnico Nacional. CIIDIR Unidad Oaxaca. 19 y 20 de mayo 2020. Xoxocotl\u00e1n, Oaxaca.<\/p>\n\n\n\n<p>Fortalecimiento de una unidad de producci\u00f3n&nbsp;familiar dedicada al cultivo de hongo&nbsp;seta (Pleurotus&nbsp;ostreatus).&nbsp;Morales Nava&nbsp;Gabriela,&nbsp;Escamirosa Tinoco Cirenio,&nbsp;Poblano V\u00e1squez Amado.&nbsp;XII Jornadas Polit\u00e9cnicas en Ciencia y Tecnolog\u00eda 2020. Instituto Polit\u00e9cnico Nacional. CIIDIR Unidad Oaxaca. 19 y 20 de mayo 2020. Xoxocotl\u00e1n, Oaxaca.<\/p>\n\n\n\n<h3 class=\"wp-block-heading\">2019<\/h3>\n\n\n\n<p>Comercializaci\u00f3n de&nbsp;Stenocereus stellatus&nbsp;(Pfeiffer) Ricobonno en mercados tradicionales de Valles Centrales de Oaxaca. Evelyn Itzel L\u00e1zaro Ju\u00e1rez, Dalia Rosal\u00eda Santos Aquino, Amado Poblano V\u00e1squez,&nbsp;Nelly Arellanes Ju\u00e1rez. VII Congreso Internacional Virtual de Innovaci\u00f3n, Tecnolog\u00eda y Educaci\u00f3n (CIVITEC 2019). 7 y 8 de noviembre 2019.<\/p>\n\n\n\n<p>Potencial productivo del fruto de tunillo [Stenocereus stellatus&nbsp;(Pfeiffer) Riccobono] en Valles Centrales de Oaxaca.&nbsp;Evelyn Itzel L\u00e1zaro Ju\u00e1rez,&nbsp;Nelly Arellanes Ju\u00e1rez, Pedro Benito Bautista,&nbsp;Amado Poblano V\u00e1squez.&nbsp;Congreso Internacional de Investigaci\u00f3n Academia Journals Puebla 2019. 15 y 16 de agosto 2019, Puebla, Puebla, M\u00e9xico.<\/p>\n\n\n\n<h3 class=\"wp-block-heading\">2015<\/h3>\n\n\n\n<p>La fruticultura rural como eje central de la formaci\u00f3n de empresas en la Econom\u00eda Solidaria en Oaxaca. Pedro Benito Bautista,&nbsp;Nelly Arellanes Ju\u00e1rez&nbsp;y Amado Poblano V\u00e1squez. 5\u00ba Congreso Internacional de Desarrollo Comunitario. P\u00e1tzcuaro, Michoac\u00e1n, M\u00e9xico. 23-25 de septiembre 2015.<\/p>\n\n\n\n<p>&nbsp;<\/p>\n\n\n\n<h3 class=\"wp-block-heading\">Sector productivo<\/h3>\n\n\n\n<ul class=\"wp-block-list\">\n<li>Despacho de Contadur\u00eda P\u00fablica: Asesor y consultor empresarial. \u00a01982- 2012 Auditor Fiscal. SAT. \u00a0S.H.C.P. Registro No. 6694 , 1988-2011 \u00a0\u00a0<\/li>\n\n\n\n<li>Subdirector Administrativo, Jefe de R.H. y fin., de Vinculaci\u00f3n, de Intercambio Acad\u00e9mico, de la UAT. en el CIIDIR Oaxaca \u00a0I.P.N. 1984-2002<\/li>\n\n\n\n<li>Contador y Contralor del CEMPAE Organismo federal descentralizado 1975-1980<\/li>\n\n\n\n<li>Subgerente y Gerente Interino de Banobras delegaci\u00f3n Oaxaca 1980- 1981<\/li>\n\n\n\n<li>Contador de Costos y Presupuestos: Implementaci\u00f3n de sistema de costos, Lumi sistemas S.A. de C.V. Grupo monterrey. 1972-1974<\/li>\n\n\n\n<li>Auditor y Supervisor del Despacho Bessudo y C\u00eda. A.P. en diversas empresas comerciales e industriales 1970-1972\u00a0<\/li>\n\n\n\n<li>Proyecto: An\u00e1lisis de los sectores estatales con mayores emisiones de GEI y su relaci\u00f3n con variables y actividades socioecon\u00f3micas. \u00a0Subproyecto Econom\u00eda \u00a0Jun-Sept. 2012 Proyecto vinculado.\u00a0<\/li>\n\n\n\n<li>Estudio de Factibilidad Proyecto Ecotur\u00edstico, Ixhuat\u00e1n, Oax .Procymaf-Ciidir 2008<\/li>\n\n\n\n<li>Estudio de Factibilidad Proyecto Ecotur\u00edstico, San Dionisio del mar, Oax. Procymaf-Ciidir 2008<\/li>\n\n\n\n<li>Coordinador \u00a0Incubadora de Negocios CIIDIR- CIEBT, IPN \u00a0 \u00a02007-2008<\/li>\n\n\n\n<li>Estudio para la\u201d Instalaci\u00f3n y Acreditamiento de un Laboratorio para la certificaci\u00f3n a la calidad del mezcal\u201d al Consejo Oaxaque\u00f1o del Maguey y Mezcal A. C. en Oaxaca. \u00a02008<\/li>\n\n\n\n<li>Participante en mesas de trabajo Industrias Regionales\u201d Plan estatal de desarrollo 2010-2016\u201d Oaxaca \u00a0 Panelista en la \u201cCaravana del Emprendedor Oaxaca 2011\u201d<\/li>\n\n\n\n<li>Participante en proyecto Vinculado: Evaluaci\u00f3n de Impacto Social del proyecto \u201cCentral E\u00f3lica el Sauzal\u201d en Santo Domingo Ingenio, Juchit\u00e1n Oaxaca. Para la empresa Energ\u00eda Renovable del Istmo S.A. P.I. de C.V. del 1\u00ba de febrero al 31 de agosto del 2016.<\/li>\n<\/ul>\n\n\n\n<h3 class=\"wp-block-heading\">Evaluador de proyectos Produce&nbsp;<\/h3>\n\n\n\n<ul class=\"wp-block-list\">\n<li>Programa anual de transferencia de tecnolog\u00eda en citricultura. 2008<\/li>\n\n\n\n<li>Programa integral de transferencia en el cultivo de pl\u00e1tano. \u00a02008<\/li>\n<\/ul>\n\n\n\n<div>&nbsp;<\/div>\n\n\n\n<h3 class=\"wp-block-heading\">Dictaminador de proyectos Sedesol.<\/h3>\n\n\n\n<ul class=\"wp-block-list\">\n<li>Evaluador proyectos Sedesol, \u00a0Programa, Coinversi\u00f3n Social 2008 y \u00a02009<\/li>\n\n\n\n<li>Evaluador proyectos Sedesol, \u00a0Programa, Opciones productivas 2008 y \u00a02009<\/li>\n\n\n\n<li>Evaluador proyectos Sedesol, \u00a0Programa, Coinversi\u00f3n Social 2010<\/li>\n\n\n\n<li>Evaluador proyectos Sedesol, \u00a0Programa, Opciones Productivas. Proyectos. 2011<\/li>\n\n\n\n<li>Evaluador proyectos Sedesol, \u00a0Programa, Coinversi\u00f3n Social 2012 -2013 2014<\/li>\n<\/ul>\n\n\n\n<div>\u00a0<\/div>\n\n\n\n<p><\/p>\n","protected":false},"excerpt":{"rendered":"<p>Docencia Maestr\u00eda &nbsp;en Conservaci\u00f3n y Aprovechamiento de Rec, Naturales Maestr\u00eda en Gesti\u00f3n de Proyectos para el Desarrollo Solidario.&nbsp; &nbsp; Trabajos presentados en congresos 2024 Producci\u00f3n y Comercializaci\u00f3n Tradicional de Tunillo (Stenocereus stellatus) por una Comunidad Zapoteca de los Valles Centrales de Oaxaca.&nbsp;Itandehui L\u00f3pez Castellanos,&nbsp;Nelly Arellanes Ju\u00e1rez, Pedro Benito Bautista, David Mart\u00ednez S\u00e1nchez, Omar Franco Mora, [&hellip;]<\/p>\n","protected":false},"author":74,"featured_media":0,"parent":0,"menu_order":0,"comment_status":"closed","ping_status":"closed","template":"","meta":{"_swt_meta_header_display":false,"_swt_meta_footer_display":false,"_swt_meta_site_title_display":false,"_swt_meta_sticky_header":false,"_swt_meta_transparent_header":false,"footnotes":""},"class_list":["post-8","page","type-page","status-publish","hentry"],"_links":{"self":[{"href":"https:\/\/web.ciidiroaxaca.ipn.mx\/apoblanov\/wp-json\/wp\/v2\/pages\/8","targetHints":{"allow":["GET"]}}],"collection":[{"href":"https:\/\/web.ciidiroaxaca.ipn.mx\/apoblanov\/wp-json\/wp\/v2\/pages"}],"about":[{"href":"https:\/\/web.ciidiroaxaca.ipn.mx\/apoblanov\/wp-json\/wp\/v2\/types\/page"}],"author":[{"embeddable":true,"href":"https:\/\/web.ciidiroaxaca.ipn.mx\/apoblanov\/wp-json\/wp\/v2\/users\/74"}],"replies":[{"embeddable":true,"href":"https:\/\/web.ciidiroaxaca.ipn.mx\/apoblanov\/wp-json\/wp\/v2\/comments?post=8"}],"version-history":[{"count":3,"href":"https:\/\/web.ciidiroaxaca.ipn.mx\/apoblanov\/wp-json\/wp\/v2\/pages\/8\/revisions"}],"predecessor-version":[{"id":28,"href":"https:\/\/web.ciidiroaxaca.ipn.mx\/apoblanov\/wp-json\/wp\/v2\/pages\/8\/revisions\/28"}],"wp:attachment":[{"href":"https:\/\/web.ciidiroaxaca.ipn.mx\/apoblanov\/wp-json\/wp\/v2\/media?parent=8"}],"curies":[{"name":"wp","href":"https:\/\/api.w.org\/{rel}","templated":true}]}}